{"id":694,"date":"2018-09-17T13:56:49","date_gmt":"2018-09-17T10:56:49","guid":{"rendered":"https:\/\/sovittelu.com\/vertaissovittelu\/?page_id=694"},"modified":"2026-03-31T11:18:50","modified_gmt":"2026-03-31T08:18:50","slug":"podcasten-vagor-av-forsoning","status":"publish","type":"page","link":"https:\/\/sovittelu.com\/vertaissovittelu\/sv\/sovittelun-aallot-podcast\/","title":{"rendered":"Podcasten V\u00e5gor av f\u00f6rsoning"},"content":{"rendered":"<style>.kb-row-layout-id694_a63abe-5d > .kt-row-column-wrap{align-content:center;}:where(.kb-row-layout-id694_a63abe-5d > .kt-row-column-wrap) > .wp-block-kadence-column{justify-content:center;}.kb-row-layout-id694_a63abe-5d > .kt-row-column-wrap{column-gap:var(--global-kb-gap-md, 2rem);row-gap:var(--global-kb-gap-md, 2rem);max-width:var( --global-content-width, 1200px );padding-left:var(--global-content-edge-padding);padding-right:var(--global-content-edge-padding);padding-top:80px;padding-bottom:110px;grid-template-columns:minmax(0, calc(50% - ((var(--global-kb-gap-md, 2rem) * 1 )\/2)))minmax(0, calc(50% - ((var(--global-kb-gap-md, 2rem) * 1 )\/2)));}.kb-row-layout-id694_a63abe-5d{background-image:url('https:\/\/sovittelu.com\/vertaissovittelu\/wp-content\/uploads\/2025\/12\/sovittelun_aallot_1920x540px.jpg');background-size:cover;background-position:54% 99%;background-attachment:scroll;background-repeat:no-repeat;}.kb-row-layout-id694_a63abe-5d > .kt-row-layout-overlay{opacity:1;background:linear-gradient(90deg,var(--global-palette8,#F7FAFC) 21%,rgba(247,250,252,0) 63%);}@media all and (max-width: 1024px){.kb-row-layout-id694_a63abe-5d > .kt-row-column-wrap{padding-top:var(--global-kb-spacing-xxl, 5rem);grid-template-columns:minmax(0, 1fr);}}@media all and (max-width: 1024px){.kb-row-layout-id694_a63abe-5d > .kt-row-layout-overlay{opacity:1;background:linear-gradient(90deg,var(--global-palette8,#F7FAFC) 12%,rgba(251,248,235,0.54) 48%,rgba(247,250,252,0) 90%);}}@media all and (max-width: 767px){.kb-row-layout-wrap.wp-block-kadence-rowlayout.kb-row-layout-id694_a63abe-5d{margin-top:0px;}.kb-row-layout-id694_a63abe-5d > .kt-row-column-wrap{padding-top:0px;padding-bottom:var(--global-kb-spacing-xxl, 5rem);grid-template-columns:minmax(0, 1fr);}.kb-row-layout-id694_a63abe-5d > .kt-row-layout-overlay{opacity:0.90;background:linear-gradient(0deg,var(--global-palette8) 26%,var(--global-palette8,#F7FAFC) 46%,rgba(247,250,252,0) 87%);mix-blend-mode:screen;}}<\/style><div class=\"kb-row-layout-wrap kb-row-layout-id694_a63abe-5d alignfull kt-row-has-bg wp-block-kadence-rowlayout\"><div class=\"kt-row-layout-overlay kt-row-overlay-gradient\"><\/div><div class=\"kt-row-column-wrap kt-has-2-columns kt-row-layout-equal kt-tab-layout-row kt-mobile-layout-row kt-row-valign-middle kb-theme-content-width\">\n<style>.kadence-column694_4764f4-cf > .kt-inside-inner-col{padding-left:var(--global-kb-spacing-md, 2rem);}.kadence-column694_4764f4-cf > .kt-inside-inner-col,.kadence-column694_4764f4-cf > .kt-inside-inner-col:before{border-top-left-radius:0px;border-top-right-radius:0px;border-bottom-right-radius:0px;border-bottom-left-radius:0px;}.kadence-column694_4764f4-cf > .kt-inside-inner-col{column-gap:var(--global-kb-gap-sm, 1rem);}.kadence-column694_4764f4-cf > .kt-inside-inner-col{flex-direction:column;}.kadence-column694_4764f4-cf > .kt-inside-inner-col > .aligncenter{width:100%;}.kadence-column694_4764f4-cf{position:relative;}@media all and (max-width: 1024px){.kadence-column694_4764f4-cf > .kt-inside-inner-col{padding-right:var(--global-kb-spacing-5xl, 10rem);padding-left:var(--global-kb-spacing-sm, 1.5rem);flex-direction:column;justify-content:center;}}@media all and (max-width: 1024px){.kt-row-column-wrap.kt-tab-layout-three-grid > .kadence-column694_4764f4-cf, .kt-row-column-wrap.kt-tab-layout-two-grid > .kadence-column694_4764f4-cf, .kt-row-column-wrap.kt-tab-layout-row > .kadence-column694_4764f4-cf{order:1;}}@media all and (max-width: 1024px){.kadence-column694_4764f4-cf{text-align:center;}}@media all and (max-width: 1024px){.kadence-column694_4764f4-cf, .kt-inside-inner-col > .kadence-column694_4764f4-cf:not(.specificity){margin-right:var(--global-kb-spacing-3xl, 6.5rem);}}@media all and (max-width: 767px){.kadence-column694_4764f4-cf > .kt-inside-inner-col{padding-top:var(--global-kb-spacing-5xl, 10rem);padding-right:0px;padding-left:0px;flex-direction:column;justify-content:center;}.kt-row-column-wrap.kt-mobile-layout-three-grid > .kadence-column694_4764f4-cf, .kt-row-column-wrap.kt-mobile-layout-two-grid > .kadence-column694_4764f4-cf, .kt-row-column-wrap.kt-mobile-layout-row > .kadence-column694_4764f4-cf{order:1 !important;}.kadence-column694_4764f4-cf, .kt-inside-inner-col > .kadence-column694_4764f4-cf:not(.specificity){margin-right:0px;}}<\/style>\n<div class=\"wp-block-kadence-column kadence-column694_4764f4-cf kb-section-dir-vertical inner-column-1\"><div class=\"kt-inside-inner-col\"><style>.wp-block-kadence-advancedheading.kt-adv-heading694_e0f00c-d5, .wp-block-kadence-advancedheading.kt-adv-heading694_e0f00c-d5[data-kb-block=\"kb-adv-heading694_e0f00c-d5\"]{max-width:620px;padding-top:0px;padding-bottom:var(--global-kb-spacing-xs, 1rem);margin-bottom:var(--global-kb-spacing-md, 2rem);text-align:left;font-size:3.375em;line-height:1.2;font-style:normal;color:#000000;}.wp-block-kadence-advancedheading.kt-adv-heading694_e0f00c-d5 mark.kt-highlight, .wp-block-kadence-advancedheading.kt-adv-heading694_e0f00c-d5[data-kb-block=\"kb-adv-heading694_e0f00c-d5\"] mark.kt-highlight{font-style:normal;color:#f76a0c;-webkit-box-decoration-break:clone;box-decoration-break:clone;padding-top:0px;padding-right:0px;padding-bottom:0px;padding-left:0px;}.wp-block-kadence-advancedheading.kt-adv-heading694_e0f00c-d5 img.kb-inline-image, .wp-block-kadence-advancedheading.kt-adv-heading694_e0f00c-d5[data-kb-block=\"kb-adv-heading694_e0f00c-d5\"] img.kb-inline-image{width:150px;vertical-align:baseline;}@media all and (max-width: 1024px){.wp-block-kadence-advancedheading.kt-adv-heading694_e0f00c-d5, .wp-block-kadence-advancedheading.kt-adv-heading694_e0f00c-d5[data-kb-block=\"kb-adv-heading694_e0f00c-d5\"]{font-size:3em;line-height:1.2;}}@media all and (max-width: 767px){.wp-block-kadence-advancedheading.kt-adv-heading694_e0f00c-d5, .wp-block-kadence-advancedheading.kt-adv-heading694_e0f00c-d5[data-kb-block=\"kb-adv-heading694_e0f00c-d5\"]{padding-bottom:0px;font-size:2.5em;line-height:1;text-align:left!important;}}<\/style>\n<h1 class=\"kt-adv-heading694_e0f00c-d5 wp-block-kadence-advancedheading\" data-kb-block=\"kb-adv-heading694_e0f00c-d5\">Sovittelun aallot- podcast<\/h1>\n<\/div><\/div>\n\n\n<style>.kadence-column694_e11caf-1d > .kt-inside-inner-col,.kadence-column694_e11caf-1d > .kt-inside-inner-col:before{border-top-left-radius:0px;border-top-right-radius:0px;border-bottom-right-radius:0px;border-bottom-left-radius:0px;}.kadence-column694_e11caf-1d > .kt-inside-inner-col{column-gap:var(--global-kb-gap-sm, 1rem);}.kadence-column694_e11caf-1d > .kt-inside-inner-col{flex-direction:column;}.kadence-column694_e11caf-1d > .kt-inside-inner-col > .aligncenter{width:100%;}.kadence-column694_e11caf-1d > .kt-inside-inner-col:before{opacity:0.3;}.kadence-column694_e11caf-1d{position:relative;}@media all and (max-width: 1024px){.kadence-column694_e11caf-1d > .kt-inside-inner-col{flex-direction:column;justify-content:center;}}@media all and (max-width: 767px){.kadence-column694_e11caf-1d > .kt-inside-inner-col{flex-direction:column;justify-content:center;}}<\/style>\n<div class=\"wp-block-kadence-column kadence-column694_e11caf-1d kvs-md-false kvs-sm-false inner-column-2\"><div class=\"kt-inside-inner-col\"><\/div><\/div>\n\n<\/div><\/div>\n\n<style>.kb-row-layout-id694_c4ec58-e6 > .kt-row-column-wrap{align-content:start;}:where(.kb-row-layout-id694_c4ec58-e6 > .kt-row-column-wrap) > .wp-block-kadence-column{justify-content:start;}.kb-row-layout-id694_c4ec58-e6 > .kt-row-column-wrap{column-gap:var(--global-kb-gap-md, 2rem);row-gap:var(--global-kb-gap-md, 2rem);max-width:var( --global-content-width, 1200px );padding-left:var(--global-content-edge-padding);padding-right:var(--global-content-edge-padding);padding-top:0px;padding-bottom:var(--global-kb-spacing-xxl, 5rem);grid-template-columns:minmax(0, 1fr);}.kb-row-layout-id694_c4ec58-e6 > .kt-row-layout-overlay{opacity:0.30;}@media all and (max-width: 1024px){.kb-row-layout-id694_c4ec58-e6 > .kt-row-column-wrap{padding-bottom:var(--global-kb-spacing-3xl, 6.5rem);grid-template-columns:minmax(0, 1fr);}}@media all and (max-width: 767px){.kb-row-layout-id694_c4ec58-e6 > .kt-row-column-wrap{padding-top:var(--global-kb-spacing-sm, 1.5rem);grid-template-columns:minmax(0, 1fr);}}<\/style><div class=\"kb-row-layout-wrap kb-row-layout-id694_c4ec58-e6 alignwide has-theme-palette9-background-color kt-row-has-bg wp-block-kadence-rowlayout\"><div class=\"kt-row-column-wrap kt-has-1-columns kt-row-layout-equal kt-tab-layout-inherit kt-mobile-layout-row kt-row-valign-top kb-theme-content-width\">\n<style>.kadence-column694_30857b-8c > .kt-inside-inner-col{padding-top:var(--global-kb-spacing-md, 2rem);padding-right:var(--global-kb-spacing-sm, 1.5rem);padding-left:var(--global-kb-spacing-xxs, 0.5rem);}.kadence-column694_30857b-8c > .kt-inside-inner-col,.kadence-column694_30857b-8c > .kt-inside-inner-col:before{border-top-left-radius:0px;border-top-right-radius:0px;border-bottom-right-radius:0px;border-bottom-left-radius:0px;}.kadence-column694_30857b-8c > .kt-inside-inner-col{column-gap:var(--global-kb-gap-sm, 1rem);}.kadence-column694_30857b-8c > .kt-inside-inner-col{flex-direction:column;}.kadence-column694_30857b-8c > .kt-inside-inner-col > .aligncenter{width:100%;}.kadence-column694_30857b-8c > .kt-inside-inner-col:before{opacity:0.3;}.kadence-column694_30857b-8c{text-align:left;}.kadence-column694_30857b-8c{position:relative;}.kadence-column694_30857b-8c, .kt-inside-inner-col > .kadence-column694_30857b-8c:not(.specificity){margin-top:0px;}@media all and (max-width: 1024px){.kadence-column694_30857b-8c > .kt-inside-inner-col{padding-top:var(--global-kb-spacing-md, 2rem);flex-direction:column;justify-content:center;}}@media all and (max-width: 767px){.kadence-column694_30857b-8c > .kt-inside-inner-col{padding-top:0px;padding-right:0px;padding-left:0px;flex-direction:column;justify-content:center;}}<\/style>\n<div class=\"wp-block-kadence-column kadence-column694_30857b-8c kb-section-dir-vertical inner-column-1\"><div class=\"kt-inside-inner-col\"><style>.kb-row-layout-id694_37377f-fb > .kt-row-column-wrap{align-content:start;}:where(.kb-row-layout-id694_37377f-fb > .kt-row-column-wrap) > .wp-block-kadence-column{justify-content:start;}.kb-row-layout-id694_37377f-fb > .kt-row-column-wrap{column-gap:var(--global-kb-gap-md, 2rem);row-gap:var(--global-kb-gap-sm, 1rem);max-width:var( --global-content-width, 1200px );padding-left:var(--global-content-edge-padding);padding-right:var(--global-content-edge-padding);padding-top:0px;padding-right:0px;padding-bottom:var(--global-kb-spacing-sm, 1.5rem);padding-left:0px;grid-template-columns:minmax(0, calc(70% - ((var(--global-kb-gap-md, 2rem) * 1 )\/2)))minmax(0, calc(30% - ((var(--global-kb-gap-md, 2rem) * 1 )\/2)));}.kb-row-layout-id694_37377f-fb > .kt-row-layout-overlay{opacity:0.30;}@media all and (max-width: 1024px){.kb-row-layout-id694_37377f-fb > .kt-row-column-wrap{padding-bottom:0px;grid-template-columns:repeat(2, minmax(0, 1fr));}}@media all and (max-width: 767px){.kb-row-layout-id694_37377f-fb > .kt-row-column-wrap{padding-right:0px;padding-bottom:0px;padding-left:0px;grid-template-columns:minmax(0, 1fr);}}<\/style><div class=\"kb-row-layout-wrap kb-row-layout-id694_37377f-fb alignnone wp-block-kadence-rowlayout\"><div class=\"kt-row-column-wrap kt-has-2-columns kt-row-layout-equal kt-tab-layout-inherit kt-mobile-layout-row kt-row-valign-top kb-theme-content-width\">\n<style>.kadence-column694_fe9172-b0 > .kt-inside-inner-col{padding-left:0px;}.kadence-column694_fe9172-b0 > .kt-inside-inner-col,.kadence-column694_fe9172-b0 > .kt-inside-inner-col:before{border-top-left-radius:0px;border-top-right-radius:0px;border-bottom-right-radius:0px;border-bottom-left-radius:0px;}.kadence-column694_fe9172-b0 > .kt-inside-inner-col{column-gap:var(--global-kb-gap-sm, 1rem);}.kadence-column694_fe9172-b0 > .kt-inside-inner-col{flex-direction:column;}.kadence-column694_fe9172-b0 > .kt-inside-inner-col > .aligncenter{width:100%;}.kadence-column694_fe9172-b0 > .kt-inside-inner-col:before{opacity:0.3;}.kadence-column694_fe9172-b0{position:relative;}@media all and (max-width: 1024px){.kadence-column694_fe9172-b0 > .kt-inside-inner-col{padding-bottom:var(--global-kb-spacing-sm, 1.5rem);flex-direction:column;justify-content:center;}}@media all and (max-width: 767px){.kadence-column694_fe9172-b0 > .kt-inside-inner-col{padding-bottom:0px;flex-direction:column;justify-content:center;}}<\/style>\n<div class=\"wp-block-kadence-column kadence-column694_fe9172-b0 inner-column-1\"><div class=\"kt-inside-inner-col\"><style>.wp-block-kadence-advancedheading.kt-adv-heading694_22af4f-fa, .wp-block-kadence-advancedheading.kt-adv-heading694_22af4f-fa[data-kb-block=\"kb-adv-heading694_22af4f-fa\"]{font-style:normal;color:#000000;}.wp-block-kadence-advancedheading.kt-adv-heading694_22af4f-fa mark.kt-highlight, .wp-block-kadence-advancedheading.kt-adv-heading694_22af4f-fa[data-kb-block=\"kb-adv-heading694_22af4f-fa\"] mark.kt-highlight{font-style:normal;color:#f76a0c;-webkit-box-decoration-break:clone;box-decoration-break:clone;padding-top:0px;padding-right:0px;padding-bottom:0px;padding-left:0px;}.wp-block-kadence-advancedheading.kt-adv-heading694_22af4f-fa img.kb-inline-image, .wp-block-kadence-advancedheading.kt-adv-heading694_22af4f-fa[data-kb-block=\"kb-adv-heading694_22af4f-fa\"] img.kb-inline-image{width:150px;vertical-align:baseline;}<\/style>\n<p class=\"kt-adv-heading694_22af4f-fa wp-block-kadence-advancedheading\" data-kb-block=\"kb-adv-heading694_22af4f-fa\">Sovittelun allot- podcast on VERSO-ohjelman oma podcast-<br>sarja, jossa keskustelemme sovitteluun ja restoratiiviseen l\u00e4hestymistapaan<br>liittyvist\u00e4 asioista. Haastateltavina on niin VERSO-ohjelman ty\u00f6ntekij\u00f6it\u00e4, kuin<br>kent\u00e4ll\u00e4 toimivia ammattilaisia, lapsia ja aikuisia. Tervetuloa kuuntelemaan!<br><br><strong>HUOM! Jos Soundcloud pyyt\u00e4\u00e4 sinua kirjautumaan, voit sulkea kirjautumisikkunan yl\u00e4ruudun pienest\u00e4 raksista ja kuunnella jakson \u00e4\u00e4niraidan kirjautumatta sis\u00e4\u00e4n.<\/strong><\/p>\n<\/div><\/div>\n\n\n<style>.kadence-column694_56a708-09 > .kt-inside-inner-col{display:flex;}.kadence-column694_56a708-09 > .kt-inside-inner-col{padding-bottom:0px;}.kadence-column694_56a708-09 > .kt-inside-inner-col,.kadence-column694_56a708-09 > .kt-inside-inner-col:before{border-top-left-radius:0px;border-top-right-radius:0px;border-bottom-right-radius:0px;border-bottom-left-radius:0px;}.kadence-column694_56a708-09 > .kt-inside-inner-col{column-gap:var(--global-kb-gap-sm, 1rem);}.kadence-column694_56a708-09 > .kt-inside-inner-col{flex-direction:column;justify-content:center;}.kadence-column694_56a708-09 > .kt-inside-inner-col > .aligncenter{width:100%;}.kt-row-column-wrap > .kadence-column694_56a708-09{align-self:center;}.kt-inner-column-height-full:not(.kt-has-1-columns) > .wp-block-kadence-column.kadence-column694_56a708-09{align-self:auto;}.kt-inner-column-height-full:not(.kt-has-1-columns) > .wp-block-kadence-column.kadence-column694_56a708-09 > .kt-inside-inner-col{flex-direction:column;justify-content:center;}.kadence-column694_56a708-09 > .kt-inside-inner-col:before{opacity:0.3;}.kadence-column694_56a708-09{position:relative;}@media all and (max-width: 1024px){.kt-row-column-wrap > .kadence-column694_56a708-09{align-self:center;}}@media all and (max-width: 1024px){.kt-inner-column-height-full:not(.kt-has-1-columns) > .wp-block-kadence-column.kadence-column694_56a708-09{align-self:auto;}}@media all and (max-width: 1024px){.kt-inner-column-height-full:not(.kt-has-1-columns) > .wp-block-kadence-column.kadence-column694_56a708-09 > .kt-inside-inner-col{flex-direction:column;justify-content:center;}}@media all and (max-width: 1024px){.kadence-column694_56a708-09 > .kt-inside-inner-col{flex-direction:column;justify-content:center;}}@media all and (max-width: 767px){.kadence-column694_56a708-09 > .kt-inside-inner-col{padding-bottom:0px;flex-direction:column;justify-content:center;}.kt-row-column-wrap > .kadence-column694_56a708-09{align-self:center;}.kt-inner-column-height-full:not(.kt-has-1-columns) > .wp-block-kadence-column.kadence-column694_56a708-09{align-self:auto;}.kt-inner-column-height-full:not(.kt-has-1-columns) > .wp-block-kadence-column.kadence-column694_56a708-09 > .kt-inside-inner-col{flex-direction:column;justify-content:center;}}<\/style>\n<div class=\"wp-block-kadence-column kadence-column694_56a708-09 kvs-sm-false\"><div class=\"kt-inside-inner-col\"><\/div><\/div>\n\n<\/div><\/div>\n\n<style>.kb-row-layout-id694_909677-0d > .kt-row-column-wrap{align-content:start;}:where(.kb-row-layout-id694_909677-0d > .kt-row-column-wrap) > .wp-block-kadence-column{justify-content:start;}.kb-row-layout-id694_909677-0d > .kt-row-column-wrap{column-gap:var(--global-kb-gap-sm, 1rem);row-gap:var(--global-kb-gap-sm, 1rem);max-width:var( --global-content-width, 1200px );padding-left:var(--global-content-edge-padding);padding-right:var(--global-content-edge-padding);padding-right:0px;padding-left:0px;grid-template-columns:minmax(0, calc(70% - ((var(--global-kb-gap-sm, 1rem) * 1 )\/2)))minmax(0, calc(30% - ((var(--global-kb-gap-sm, 1rem) * 1 )\/2)));}.kb-row-layout-id694_909677-0d > .kt-row-layout-overlay{opacity:0.30;}@media all and (max-width: 1024px){.kb-row-layout-id694_909677-0d > .kt-row-column-wrap{padding-right:0px;padding-left:0px;grid-template-columns:minmax(0, 1fr);}}@media all and (max-width: 767px){.kb-row-layout-id694_909677-0d > .kt-row-column-wrap{padding-top:0px;padding-right:0px;padding-left:0px;grid-template-columns:minmax(0, 1fr);}}<\/style><div class=\"kb-row-layout-wrap kb-row-layout-id694_909677-0d alignnone has-theme-palette9-background-color kt-row-has-bg wp-block-kadence-rowlayout\"><div class=\"kt-row-column-wrap kt-has-2-columns kt-row-layout-equal kt-tab-layout-row kt-mobile-layout-row kt-row-valign-top kb-theme-content-width\">\n<style>.kadence-column694_10c1d4-22 > .kt-inside-inner-col{padding-bottom:0px;}.kadence-column694_10c1d4-22 > .kt-inside-inner-col,.kadence-column694_10c1d4-22 > .kt-inside-inner-col:before{border-top-left-radius:0px;border-top-right-radius:0px;border-bottom-right-radius:0px;border-bottom-left-radius:0px;}.kadence-column694_10c1d4-22 > .kt-inside-inner-col{column-gap:var(--global-kb-gap-sm, 1rem);}.kadence-column694_10c1d4-22 > .kt-inside-inner-col{flex-direction:column;}.kadence-column694_10c1d4-22 > .kt-inside-inner-col > .aligncenter{width:100%;}.kadence-column694_10c1d4-22 > .kt-inside-inner-col:before{opacity:0.3;}.kadence-column694_10c1d4-22{position:relative;}@media all and (max-width: 1024px){.kadence-column694_10c1d4-22 > .kt-inside-inner-col{padding-right:var(--global-kb-spacing-xxl, 5rem);flex-direction:column;justify-content:center;}}@media all and (max-width: 767px){.kadence-column694_10c1d4-22 > .kt-inside-inner-col{padding-top:0px;padding-right:0px;padding-left:0px;flex-direction:column;justify-content:center;}}<\/style>\n<div class=\"wp-block-kadence-column kadence-column694_10c1d4-22\"><div class=\"kt-inside-inner-col\"><style>.kt-accordion-id694_a50190-75 .kt-accordion-inner-wrap{column-gap:var(--global-kb-gap-md, 2rem);row-gap:1px;}.kt-accordion-id694_a50190-75 .kt-accordion-panel-inner{border-top:0px solid var(--global-palette7, #EDF2F7);border-right:0px solid var(--global-palette7, #EDF2F7);border-bottom:1px solid #bdd67e;border-left:0px solid var(--global-palette7, #EDF2F7);border-bottom-right-radius:10px;border-bottom-left-radius:10px;background:var(--global-palette8, #F7FAFC);padding-top:20px;padding-right:40px;padding-bottom:60px;padding-left:40px;}.kt-accordion-id694_a50190-75 > .kt-accordion-inner-wrap > .wp-block-kadence-pane > .kt-accordion-header-wrap > .kt-blocks-accordion-header{border-bottom:1px solid #bdd67e;border-top-left-radius:10px;border-top-right-radius:10px;border-bottom-right-radius:0px;border-bottom-left-radius:0px;background:#cae487;font-size:1.063em;line-height:1.5em;letter-spacing:0px;font-family:var( --global-body-font-family, inherit );color:#000102;padding-top:var(--global-kb-spacing-sm, 1.5rem);padding-bottom:var(--global-kb-spacing-sm, 1.5rem);padding-left:var(--global-kb-spacing-sm, 1.5rem);}.kt-accordion-id694_a50190-75:not( .kt-accodion-icon-style-basiccircle ):not( .kt-accodion-icon-style-xclosecircle ):not( .kt-accodion-icon-style-arrowcircle )  > .kt-accordion-inner-wrap > .wp-block-kadence-pane > .kt-accordion-header-wrap .kt-blocks-accordion-icon-trigger:after, .kt-accordion-id694_a50190-75:not( .kt-accodion-icon-style-basiccircle ):not( .kt-accodion-icon-style-xclosecircle ):not( .kt-accodion-icon-style-arrowcircle )  > .kt-accordion-inner-wrap > .wp-block-kadence-pane > .kt-accordion-header-wrap .kt-blocks-accordion-icon-trigger:before{background:#000000;}.kt-accordion-id694_a50190-75:not( .kt-accodion-icon-style-basic ):not( .kt-accodion-icon-style-xclose ):not( .kt-accodion-icon-style-arrow ) .kt-blocks-accordion-icon-trigger{background:#000000;}.kt-accordion-id694_a50190-75:not( .kt-accodion-icon-style-basic ):not( .kt-accodion-icon-style-xclose ):not( .kt-accodion-icon-style-arrow ) .kt-blocks-accordion-icon-trigger:after, .kt-accordion-id694_a50190-75:not( .kt-accodion-icon-style-basic ):not( .kt-accodion-icon-style-xclose ):not( .kt-accodion-icon-style-arrow ) .kt-blocks-accordion-icon-trigger:before{background:#cae487;}.kt-accordion-id694_a50190-75 > .kt-accordion-inner-wrap > .wp-block-kadence-pane > .kt-accordion-header-wrap > .kt-blocks-accordion-header:hover, \n\t\t\t\tbody:not(.hide-focus-outline) .kt-accordion-id694_a50190-75 .kt-blocks-accordion-header:focus-visible{color:#235f4f;background:rgba(255,255,255,0);border-top-color:#e6e9ea;border-top-style:solid;border-right-color:#e6e9ea;border-right-style:solid;border-bottom:1px solid #e6e9ea;border-left-color:#e6e9ea;border-left-style:solid;}.kt-accordion-id694_a50190-75:not( .kt-accodion-icon-style-basiccircle ):not( .kt-accodion-icon-style-xclosecircle ):not( .kt-accodion-icon-style-arrowcircle ) .kt-accordion-header-wrap .kt-blocks-accordion-header:hover .kt-blocks-accordion-icon-trigger:after, .kt-accordion-id694_a50190-75:not( .kt-accodion-icon-style-basiccircle ):not( .kt-accodion-icon-style-xclosecircle ):not( .kt-accodion-icon-style-arrowcircle ) .kt-accordion-header-wrap .kt-blocks-accordion-header:hover .kt-blocks-accordion-icon-trigger:before, body:not(.hide-focus-outline) .kt-accordion-id694_a50190-75:not( .kt-accodion-icon-style-basiccircle ):not( .kt-accodion-icon-style-xclosecircle ):not( .kt-accodion-icon-style-arrowcircle ) .kt-blocks-accordion--visible .kt-blocks-accordion-icon-trigger:after, body:not(.hide-focus-outline) .kt-accordion-id694_a50190-75:not( .kt-accodion-icon-style-basiccircle ):not( .kt-accodion-icon-style-xclosecircle ):not( .kt-accodion-icon-style-arrowcircle ) .kt-blocks-accordion-header:focus-visible .kt-blocks-accordion-icon-trigger:before{background:#235f4f;}.kt-accordion-id694_a50190-75:not( .kt-accodion-icon-style-basic ):not( .kt-accodion-icon-style-xclose ):not( .kt-accodion-icon-style-arrow ) .kt-accordion-header-wrap .kt-blocks-accordion-header:hover .kt-blocks-accordion-icon-trigger, body:not(.hide-focus-outline) .kt-accordion-id694_a50190-75:not( .kt-accodion-icon-style-basic ):not( .kt-accodion-icon-style-xclose ):not( .kt-accodion-icon-style-arrow ) .kt-accordion-header-wrap .kt-blocks-accordion-header:focus-visible .kt-blocks-accordion-icon-trigger{background:#235f4f;}.kt-accordion-id694_a50190-75:not( .kt-accodion-icon-style-basic ):not( .kt-accodion-icon-style-xclose ):not( .kt-accodion-icon-style-arrow ) .kt-accordion-header-wrap .kt-blocks-accordion-header:hover .kt-blocks-accordion-icon-trigger:after, .kt-accordion-id694_a50190-75:not( .kt-accodion-icon-style-basic ):not( .kt-accodion-icon-style-xclose ):not( .kt-accodion-icon-style-arrow ) .kt-accordion-header-wrap .kt-blocks-accordion-header:hover .kt-blocks-accordion-icon-trigger:before, body:not(.hide-focus-outline) .kt-accordion-id694_a50190-75:not( .kt-accodion-icon-style-basic ):not( .kt-accodion-icon-style-xclose ):not( .kt-accodion-icon-style-arrow ) .kt-accordion-header-wrap .kt-blocks-accordion-header:focus-visible .kt-blocks-accordion-icon-trigger:after, body:not(.hide-focus-outline) .kt-accordion-id694_a50190-75:not( .kt-accodion-icon-style-basic ):not( .kt-accodion-icon-style-xclose ):not( .kt-accodion-icon-style-arrow ) .kt-accordion-header-wrap .kt-blocks-accordion-header:focus-visible .kt-blocks-accordion-icon-trigger:before{background:rgba(255,255,255,0);}.kt-accordion-id694_a50190-75 .kt-accordion-header-wrap .kt-blocks-accordion-header:focus-visible,\n\t\t\t\t.kt-accordion-id694_a50190-75 > .kt-accordion-inner-wrap > .wp-block-kadence-pane > .kt-accordion-header-wrap > .kt-blocks-accordion-header.kt-accordion-panel-active{color:#000000;background:var(--global-palette8, #F7FAFC);border-top:2px solid var(--global-palette8, #F7FAFC);border-right:2px solid var(--global-palette8, #F7FAFC);border-bottom:2px solid var(--global-palette8, #F7FAFC);border-left:2px solid var(--global-palette8, #F7FAFC);}.kt-accordion-id694_a50190-75:not( .kt-accodion-icon-style-basiccircle ):not( .kt-accodion-icon-style-xclosecircle ):not( .kt-accodion-icon-style-arrowcircle )  > .kt-accordion-inner-wrap > .wp-block-kadence-pane > .kt-accordion-header-wrap > .kt-blocks-accordion-header.kt-accordion-panel-active .kt-blocks-accordion-icon-trigger:after, .kt-accordion-id694_a50190-75:not( .kt-accodion-icon-style-basiccircle ):not( .kt-accodion-icon-style-xclosecircle ):not( .kt-accodion-icon-style-arrowcircle )  > .kt-accordion-inner-wrap > .wp-block-kadence-pane > .kt-accordion-header-wrap > .kt-blocks-accordion-header.kt-accordion-panel-active .kt-blocks-accordion-icon-trigger:before{background:#000000;}.kt-accordion-id694_a50190-75:not( .kt-accodion-icon-style-basic ):not( .kt-accodion-icon-style-xclose ):not( .kt-accodion-icon-style-arrow ) .kt-blocks-accordion-header.kt-accordion-panel-active .kt-blocks-accordion-icon-trigger{background:#000000;}.kt-accordion-id694_a50190-75:not( .kt-accodion-icon-style-basic ):not( .kt-accodion-icon-style-xclose ):not( .kt-accodion-icon-style-arrow ) .kt-blocks-accordion-header.kt-accordion-panel-active .kt-blocks-accordion-icon-trigger:after, .kt-accordion-id694_a50190-75:not( .kt-accodion-icon-style-basic ):not( .kt-accodion-icon-style-xclose ):not( .kt-accodion-icon-style-arrow ) .kt-blocks-accordion-header.kt-accordion-panel-active .kt-blocks-accordion-icon-trigger:before{background:var(--global-palette8, #F7FAFC);}@media all and (max-width: 1024px){.kt-accordion-id694_a50190-75 .kt-accordion-panel-inner{border-top:0px solid var(--global-palette7, #EDF2F7);border-right:0px solid var(--global-palette7, #EDF2F7);border-bottom:1px solid #bdd67e;border-left:0px solid var(--global-palette7, #EDF2F7);}}@media all and (max-width: 1024px){.kt-accordion-id694_a50190-75 > .kt-accordion-inner-wrap > .wp-block-kadence-pane > .kt-accordion-header-wrap > .kt-blocks-accordion-header{border-bottom:1px solid #bdd67e;}}@media all and (max-width: 1024px){.kt-accordion-id694_a50190-75 > .kt-accordion-inner-wrap > .wp-block-kadence-pane > .kt-accordion-header-wrap > .kt-blocks-accordion-header:hover, \n\t\t\t\tbody:not(.hide-focus-outline) .kt-accordion-id694_a50190-75 .kt-blocks-accordion-header:focus-visible{border-top-color:#e6e9ea;border-top-style:solid;border-right-color:#e6e9ea;border-right-style:solid;border-bottom:1px solid #e6e9ea;border-left-color:#e6e9ea;border-left-style:solid;}}@media all and (max-width: 1024px){.kt-accordion-id694_a50190-75 .kt-accordion-header-wrap .kt-blocks-accordion-header:focus-visible,\n\t\t\t\t.kt-accordion-id694_a50190-75 > .kt-accordion-inner-wrap > .wp-block-kadence-pane > .kt-accordion-header-wrap > .kt-blocks-accordion-header.kt-accordion-panel-active{border-top:2px solid var(--global-palette8, #F7FAFC);border-right:2px solid var(--global-palette8, #F7FAFC);border-bottom:2px solid var(--global-palette8, #F7FAFC);border-left:2px solid var(--global-palette8, #F7FAFC);}}@media all and (max-width: 767px){.kt-accordion-id694_a50190-75 .kt-accordion-inner-wrap{display:block;}.kt-accordion-id694_a50190-75 .kt-accordion-inner-wrap .kt-accordion-pane:not(:first-child){margin-top:1px;}.kt-accordion-id694_a50190-75 .kt-accordion-panel-inner{border-top:0px solid var(--global-palette7, #EDF2F7);border-right:0px solid var(--global-palette7, #EDF2F7);border-bottom:1px solid #bdd67e;border-left:0px solid var(--global-palette7, #EDF2F7);}.kt-accordion-id694_a50190-75 > .kt-accordion-inner-wrap > .wp-block-kadence-pane > .kt-accordion-header-wrap > .kt-blocks-accordion-header{border-bottom:1px solid #bdd67e;}.kt-accordion-id694_a50190-75 > .kt-accordion-inner-wrap > .wp-block-kadence-pane > .kt-accordion-header-wrap > .kt-blocks-accordion-header:hover, \n\t\t\t\tbody:not(.hide-focus-outline) .kt-accordion-id694_a50190-75 .kt-blocks-accordion-header:focus-visible{border-top-color:#e6e9ea;border-top-style:solid;border-right-color:#e6e9ea;border-right-style:solid;border-bottom:1px solid #e6e9ea;border-left-color:#e6e9ea;border-left-style:solid;}.kt-accordion-id694_a50190-75 .kt-accordion-header-wrap .kt-blocks-accordion-header:focus-visible,\n\t\t\t\t.kt-accordion-id694_a50190-75 > .kt-accordion-inner-wrap > .wp-block-kadence-pane > .kt-accordion-header-wrap > .kt-blocks-accordion-header.kt-accordion-panel-active{border-top:2px solid var(--global-palette8, #F7FAFC);border-right:2px solid var(--global-palette8, #F7FAFC);border-bottom:2px solid var(--global-palette8, #F7FAFC);border-left:2px solid var(--global-palette8, #F7FAFC);}}<\/style>\n<div class=\"wp-block-kadence-accordion alignnone\"><div class=\"kt-accordion-wrap kt-accordion-id694_a50190-75 kt-accordion-has-56-panes kt-active-pane-0 kt-accordion-block kt-pane-header-alignment-left kt-accodion-icon-style-arrow kt-accodion-icon-side-left\" style=\"max-width:none\"><div class=\"kt-accordion-inner-wrap\" data-allow-multiple-open=\"false\" data-start-open=\"none\">\n<div class=\"wp-block-kadence-pane kt-accordion-pane kt-accordion-pane-6 kt-pane694_99ba9c-91\"><div class=\"kt-accordion-header-wrap\"><button class=\"kt-blocks-accordion-header kt-acccordion-button-label-show\" type=\"button\"><span class=\"kt-blocks-accordion-title-wrap\"><span class=\"kt-blocks-accordion-title\"><a href=\"https:\/\/on.soundcloud.com\/dMyUJxdY4GyLSfQplz\">Jakso 28: Versoviisautta Kotkasta<\/a><\/span><\/span><span class=\"kt-blocks-accordion-icon-trigger\"><\/span><\/button><\/div><div class=\"kt-accordion-panel kt-accordion-panel-hidden\"><div class=\"kt-accordion-panel-inner\"><style>.wp-block-kadence-advancedheading.kt-adv-heading694_657ddc-d5, .wp-block-kadence-advancedheading.kt-adv-heading694_657ddc-d5[data-kb-block=\"kb-adv-heading694_657ddc-d5\"]{font-style:normal;color:#000102;}.wp-block-kadence-advancedheading.kt-adv-heading694_657ddc-d5 mark.kt-highlight, .wp-block-kadence-advancedheading.kt-adv-heading694_657ddc-d5[data-kb-block=\"kb-adv-heading694_657ddc-d5\"] mark.kt-highlight{font-style:normal;color:#f76a0c;-webkit-box-decoration-break:clone;box-decoration-break:clone;padding-top:0px;padding-right:0px;padding-bottom:0px;padding-left:0px;}.wp-block-kadence-advancedheading.kt-adv-heading694_657ddc-d5 img.kb-inline-image, .wp-block-kadence-advancedheading.kt-adv-heading694_657ddc-d5[data-kb-block=\"kb-adv-heading694_657ddc-d5\"] img.kb-inline-image{width:150px;vertical-align:baseline;}<\/style>\n<p class=\"kt-adv-heading694_657ddc-d5 wp-block-kadence-advancedheading\" data-kb-block=\"kb-adv-heading694_657ddc-d5\">Kutosella olevat Ronja ja Veera vastailevat kouluttajamme Annin haastattelukysymyksiin kattavan vertaissovittelukokemuksensa pohjalta ja antavat hyvi\u00e4 vinkkej\u00e4 niin osapuolille, huoltajille kuin ohjaaville aikuisillekin. Mit\u00e4 ovat feikkiversot ja miten toimitaan osapuolten nimitelless\u00e4 toista n\u00e4kkileiv\u00e4ksi? P\u00e4\u00e4set kuuntelemaan jakson <a href=\"https:\/\/on.soundcloud.com\/dMyUJxdY4GyLSfQplz\" target=\"_blank\" rel=\"noreferrer noopener\">t\u00e4\u00e4lt\u00e4<\/a>!<\/p>\n<\/div><\/div><\/div>\n\n\n\n<div class=\"wp-block-kadence-pane kt-accordion-pane kt-accordion-pane-43 kt-pane694_03eb16-15\"><div class=\"kt-accordion-header-wrap\"><button class=\"kt-blocks-accordion-header kt-acccordion-button-label-show\" type=\"button\"><span class=\"kt-blocks-accordion-title-wrap\"><span class=\"kt-blocks-accordion-title\"><a href=\"https:\/\/on.soundcloud.com\/n4bgyKddEl6CjVoMCb\" target=\"_blank\" rel=\"noreferrer noopener\">Jakso 27: Koulu on kyl\u00e4n hauskin paikka \u2013 Restoratiivisuus kasvaa Renkom\u00e4ell\u00e4kin <\/a><\/span><\/span><span class=\"kt-blocks-accordion-icon-trigger\"><\/span><\/button><\/div><div class=\"kt-accordion-panel kt-accordion-panel-hidden\"><div class=\"kt-accordion-panel-inner\"><style>.wp-block-kadence-advancedheading.kt-adv-heading694_abd9eb-be, .wp-block-kadence-advancedheading.kt-adv-heading694_abd9eb-be[data-kb-block=\"kb-adv-heading694_abd9eb-be\"]{font-style:normal;color:#000102;}.wp-block-kadence-advancedheading.kt-adv-heading694_abd9eb-be mark.kt-highlight, .wp-block-kadence-advancedheading.kt-adv-heading694_abd9eb-be[data-kb-block=\"kb-adv-heading694_abd9eb-be\"] mark.kt-highlight{font-style:normal;color:#f76a0c;-webkit-box-decoration-break:clone;box-decoration-break:clone;padding-top:0px;padding-right:0px;padding-bottom:0px;padding-left:0px;}.wp-block-kadence-advancedheading.kt-adv-heading694_abd9eb-be img.kb-inline-image, .wp-block-kadence-advancedheading.kt-adv-heading694_abd9eb-be[data-kb-block=\"kb-adv-heading694_abd9eb-be\"] img.kb-inline-image{width:150px;vertical-align:baseline;}<\/style>\n<p class=\"kt-adv-heading694_abd9eb-be wp-block-kadence-advancedheading\" data-kb-block=\"kb-adv-heading694_abd9eb-be\">Lahtelaisen Renkom\u00e4en koulun varajohtaja Riikka M\u00e4kel\u00e4inen kertoo heid\u00e4n koulunsa kokemuksista restorativiisen sovittelun tiell\u00e4 niin Verso-aikuisen kuin RESTO-sovittelijankin silmin. Mit\u00e4 Verson k\u00e4ytt\u00e4minen koulun arjessa antaa ja vaatii? Haastattelijana kouluttajamme Eeva Saarinen. T\u00e4m\u00e4n Sovittelun aallot- podcastjakson p\u00e4\u00e4set kuuntelemaan jakson <a href=\"https:\/\/on.soundcloud.com\/1H5GcAY2th6PuFEiFL\" target=\"_blank\" rel=\"noreferrer noopener\">t\u00e4\u00e4lt\u00e4!<\/a><\/p>\n<\/div><\/div><\/div>\n\n\n\n<div class=\"wp-block-kadence-pane kt-accordion-pane kt-accordion-pane-42 kt-pane694_6ff408-85\"><div class=\"kt-accordion-header-wrap\"><button class=\"kt-blocks-accordion-header kt-acccordion-button-label-show\" type=\"button\"><span class=\"kt-blocks-accordion-title-wrap\"><span class=\"kt-blocks-accordion-title\"><a href=\"https:\/\/on.soundcloud.com\/FBm9GNKxt3tPKbpz7\" target=\"_blank\" rel=\"noreferrer noopener\">Jakso 26:  Aurinkorannikon suomalainen koulu<\/a><\/span><\/span><span class=\"kt-blocks-accordion-icon-trigger\"><\/span><\/button><\/div><div class=\"kt-accordion-panel kt-accordion-panel-hidden\"><div class=\"kt-accordion-panel-inner\"><style>.wp-block-kadence-advancedheading.kt-adv-heading694_84ac49-4b, .wp-block-kadence-advancedheading.kt-adv-heading694_84ac49-4b[data-kb-block=\"kb-adv-heading694_84ac49-4b\"]{font-style:normal;color:#000102;}.wp-block-kadence-advancedheading.kt-adv-heading694_84ac49-4b mark.kt-highlight, .wp-block-kadence-advancedheading.kt-adv-heading694_84ac49-4b[data-kb-block=\"kb-adv-heading694_84ac49-4b\"] mark.kt-highlight{font-style:normal;color:#f76a0c;-webkit-box-decoration-break:clone;box-decoration-break:clone;padding-top:0px;padding-right:0px;padding-bottom:0px;padding-left:0px;}.wp-block-kadence-advancedheading.kt-adv-heading694_84ac49-4b img.kb-inline-image, .wp-block-kadence-advancedheading.kt-adv-heading694_84ac49-4b[data-kb-block=\"kb-adv-heading694_84ac49-4b\"] img.kb-inline-image{width:150px;vertical-align:baseline;}<\/style>\n<p class=\"kt-adv-heading694_84ac49-4b wp-block-kadence-advancedheading\" data-kb-block=\"kb-adv-heading694_84ac49-4b\">Sovittelun aallot rantautuivat Aurinkorannikon suomalaiselle koululle, jossa suurin osa henkil\u00f6st\u00f6st\u00e4 sai kev\u00e4\u00e4ll\u00e4 2025 RESTO-koulutuksen Verso-toiminnan tueksi. Koulussa on panostettu ennaltaehk\u00e4isev\u00e4\u00e4n ty\u00f6h\u00f6n ja ehditty jo havaita tuloksia tarvety\u00f6skentelyst\u00e4 ja kunnioittavan kohtaamisen vaalimisesta. <a href=\"https:\/\/on.soundcloud.com\/FBm9GNKxt3tPKbpz7\" target=\"_blank\" rel=\"noreferrer noopener\">Jaksossa<\/a> kouluttajamme Nina haastattelee RESTO-opit reppuunsa Suomesta pakannutta opettaja Annaleea &#8217;Annis&#8217; Rantasta ja h\u00e4nen sovitteluparinaan monesti toiminutta erityisopettaja Sanna H\u00e4nnist\u00e4. P\u00e4\u00e4set kuuntelemaan jakson <a href=\"https:\/\/on.soundcloud.com\/FBm9GNKxt3tPKbpz7\" target=\"_blank\" rel=\"noreferrer noopener\">t\u00e4\u00e4lt\u00e4!<\/a><\/p>\n<\/div><\/div><\/div>\n\n\n\n<div class=\"wp-block-kadence-pane kt-accordion-pane kt-accordion-pane-41 kt-pane694_0cf535-6c\"><div class=\"kt-accordion-header-wrap\"><button class=\"kt-blocks-accordion-header kt-acccordion-button-label-show\" type=\"button\"><span class=\"kt-blocks-accordion-title-wrap\"><span class=\"kt-blocks-accordion-title\"><a href=\"https:\/\/on.soundcloud.com\/vwBRJUZTAP5qWnEk7\" target=\"_blank\" rel=\"noreferrer noopener\">Jakso 25: Sovittelu ammatillisella toisella asteella<\/a><\/span><\/span><span class=\"kt-blocks-accordion-icon-trigger\"><\/span><\/button><\/div><div class=\"kt-accordion-panel kt-accordion-panel-hidden\"><div class=\"kt-accordion-panel-inner\"><style>.wp-block-kadence-advancedheading.kt-adv-heading694_bb4944-bf, .wp-block-kadence-advancedheading.kt-adv-heading694_bb4944-bf[data-kb-block=\"kb-adv-heading694_bb4944-bf\"]{font-style:normal;color:#000102;}.wp-block-kadence-advancedheading.kt-adv-heading694_bb4944-bf mark.kt-highlight, .wp-block-kadence-advancedheading.kt-adv-heading694_bb4944-bf[data-kb-block=\"kb-adv-heading694_bb4944-bf\"] mark.kt-highlight{font-style:normal;color:#f76a0c;-webkit-box-decoration-break:clone;box-decoration-break:clone;padding-top:0px;padding-right:0px;padding-bottom:0px;padding-left:0px;}.wp-block-kadence-advancedheading.kt-adv-heading694_bb4944-bf img.kb-inline-image, .wp-block-kadence-advancedheading.kt-adv-heading694_bb4944-bf[data-kb-block=\"kb-adv-heading694_bb4944-bf\"] img.kb-inline-image{width:150px;vertical-align:baseline;}<\/style>\n<p class=\"kt-adv-heading694_bb4944-bf wp-block-kadence-advancedheading\" data-kb-block=\"kb-adv-heading694_bb4944-bf\">Sovittelun aallot- podcastimme 25. jakso suuntaa katseen ammatilliselle toiselle asteella ja sovittelun mahdollisuuksiin siell\u00e4 oppilaitoksen asiantuntijan n\u00e4k\u00f6kulmasta. Kouluttajamme Stiina haastatteli ammatillisen oppilaitoksen asiantuntijana ty\u00f6skentelev\u00e4\u00e4 Elli\u00e4. Yhdess\u00e4 he pohtivat sovittelun ja erityisesti vertaissovittelun k\u00e4ynnist\u00e4mist\u00e4, haasteita ja hy\u00f6tyj\u00e4 oppilaitosten arjessa. Miten jokaisen nuoren oikeus sovitteluun toteutuisi my\u00f6s ammatillissa oppilaitoksissa? P\u00e4\u00e4set kuuntelemaan jakson <a href=\"https:\/\/soundcloud.com\/user-365776232\/25-sovittelu-ammatillisella-toisella-asteella?in=user-365776232\/sets\/sovittelun-aallot&amp;si=5e9660ea674844b0a159a089f7f91603&amp;utm_source=clipboard&amp;utm_medium=text&amp;utm_campaign=social_sharing\" target=\"_blank\" rel=\"noreferrer noopener\">t\u00e4\u00e4lt\u00e4!<\/a><\/p>\n<\/div><\/div><\/div>\n\n\n\n<div class=\"wp-block-kadence-pane kt-accordion-pane kt-accordion-pane-40 kt-pane694_400bd3-b9\"><div class=\"kt-accordion-header-wrap\"><button class=\"kt-blocks-accordion-header kt-acccordion-button-label-show\" type=\"button\"><span class=\"kt-blocks-accordion-title-wrap\"><span class=\"kt-blocks-accordion-title\"><a href=\"https:\/\/soundcloud.com\/user-365776232\/24-nuorten-konfliktit\" target=\"_blank\" rel=\"noreferrer noopener\">Jakso 24: Nuorten konfliktit<\/a><\/span><\/span><span class=\"kt-blocks-accordion-icon-trigger\"><\/span><\/button><\/div><div class=\"kt-accordion-panel kt-accordion-panel-hidden\"><div class=\"kt-accordion-panel-inner\"><style>.wp-block-kadence-advancedheading.kt-adv-heading694_c95233-4a, .wp-block-kadence-advancedheading.kt-adv-heading694_c95233-4a[data-kb-block=\"kb-adv-heading694_c95233-4a\"]{font-style:normal;color:#000102;}.wp-block-kadence-advancedheading.kt-adv-heading694_c95233-4a mark.kt-highlight, .wp-block-kadence-advancedheading.kt-adv-heading694_c95233-4a[data-kb-block=\"kb-adv-heading694_c95233-4a\"] mark.kt-highlight{font-style:normal;color:#f76a0c;-webkit-box-decoration-break:clone;box-decoration-break:clone;padding-top:0px;padding-right:0px;padding-bottom:0px;padding-left:0px;}.wp-block-kadence-advancedheading.kt-adv-heading694_c95233-4a img.kb-inline-image, .wp-block-kadence-advancedheading.kt-adv-heading694_c95233-4a[data-kb-block=\"kb-adv-heading694_c95233-4a\"] img.kb-inline-image{width:150px;vertical-align:baseline;}<\/style>\n<p class=\"kt-adv-heading694_c95233-4a wp-block-kadence-advancedheading\" data-kb-block=\"kb-adv-heading694_c95233-4a\">Sovittelun aallot -podcastimme 24. jakso sukeltaa nyt nuorten konflikteihin. Vieraina jaksossa ovat Sakki ry:n p\u00e4\u00e4sihteeri Noora Luukka ja puheenjohtaja Aale P\u00e4ivinen sek\u00e4 Turun kristillisen opiston opiskelija ja tuore vertaissovittelija Viivi Kalliom\u00e4ki.<br>Nooran ja Aalen kanssa puhumme Sakki ry:n Turvallinen amis -kampanjasta, mit\u00e4 nuorten konfliktien ennaltaehk\u00e4isemisess\u00e4 ja ratkaisussa olisi t\u00e4rke\u00e4\u00e4 ottaa huomioon. Ja miten nuoret voisi ottaa paremmin mukaan opiskeluyhteis\u00f6jen toimintaan? Viivi kertoo milt\u00e4 konfliktit, niiden kohtaaminen sek\u00e4 yhteis\u00f6llisyys n\u00e4ytt\u00e4v\u00e4t opiston arjessa ja miksi Verso toimii my\u00f6s nuorten konfliktien ratkaisuun. Jakson l\u00f6yd\u00e4t <a href=\"https:\/\/soundcloud.com\/user-365776232\/24-nuorten-konfliktit\" target=\"_blank\" rel=\"noreferrer noopener\">t\u00e4\u00e4lt\u00e4<\/a>, mukavia kuunteluhetki\u00e4!<\/p>\n<\/div><\/div><\/div>\n\n\n\n<div class=\"wp-block-kadence-pane kt-accordion-pane kt-accordion-pane-39 kt-pane694_258462-0d\"><div class=\"kt-accordion-header-wrap\"><button class=\"kt-blocks-accordion-header kt-acccordion-button-label-show\" type=\"button\"><span class=\"kt-blocks-accordion-title-wrap\"><span class=\"kt-blocks-accordion-title\"><a href=\"https:\/\/soundcloud.com\/user-365776232\/kariston-menestystarina\" target=\"_blank\" rel=\"noreferrer noopener\">Jakso 23: Kariston menestystarina<\/a><\/span><\/span><span class=\"kt-blocks-accordion-icon-trigger\"><\/span><\/button><\/div><div class=\"kt-accordion-panel kt-accordion-panel-hidden\"><div class=\"kt-accordion-panel-inner\"><style>.wp-block-kadence-advancedheading.kt-adv-heading694_38b3ef-ca, .wp-block-kadence-advancedheading.kt-adv-heading694_38b3ef-ca[data-kb-block=\"kb-adv-heading694_38b3ef-ca\"]{font-style:normal;color:#000102;}.wp-block-kadence-advancedheading.kt-adv-heading694_38b3ef-ca mark.kt-highlight, .wp-block-kadence-advancedheading.kt-adv-heading694_38b3ef-ca[data-kb-block=\"kb-adv-heading694_38b3ef-ca\"] mark.kt-highlight{font-style:normal;color:#f76a0c;-webkit-box-decoration-break:clone;box-decoration-break:clone;padding-top:0px;padding-right:0px;padding-bottom:0px;padding-left:0px;}.wp-block-kadence-advancedheading.kt-adv-heading694_38b3ef-ca img.kb-inline-image, .wp-block-kadence-advancedheading.kt-adv-heading694_38b3ef-ca[data-kb-block=\"kb-adv-heading694_38b3ef-ca\"] img.kb-inline-image{width:150px;vertical-align:baseline;}<\/style>\n<p class=\"kt-adv-heading694_38b3ef-ca wp-block-kadence-advancedheading\" data-kb-block=\"kb-adv-heading694_38b3ef-ca\">N\u00e4ill\u00e4 Sovittelun aalloilla on mukana v\u00e4ke\u00e4 Kariston koulusta. Vaikka Verso-toiminta aloitettiin korona-aikana ei t\u00e4m\u00e4 ole haitannut Versoilua Karistossa ollenkaan! Mik\u00e4 on heid\u00e4n salaisuutensa aktiiviseen toimintaan? Kuinka voi sovitella pandemiasta huolimatta? Miksi Verso on t\u00e4rke\u00e4\u00e4 koko koulun v\u00e4elle? Mukana keskustelemassa menestyksest\u00e4\u00e4n ovat RESTO-koulutetut Verso-aikuiset Heidi ja Taija, sek\u00e4 kaksi Verso-oppilasta Angelican eli &#8221;ican&#8221; haastateltavina. Valokeilassa my\u00f6s toimeliaasti vertaissovittelussa k\u00e4yneiden 2. lk oppilaiden kommentteja. Kuuntele Sovittelun-aallot podcastjakso <a href=\"https:\/\/soundcloud.com\/user-365776232\/kariston-menestystarina\" target=\"_blank\" rel=\"noreferrer noopener\">t\u00e4\u00e4lt\u00e4.<\/a><\/p>\n<\/div><\/div><\/div>\n\n\n\n<div class=\"wp-block-kadence-pane kt-accordion-pane kt-accordion-pane-38 kt-pane694_94ef8a-8d\"><div class=\"kt-accordion-header-wrap\"><button class=\"kt-blocks-accordion-header kt-acccordion-button-label-show\" type=\"button\"><span class=\"kt-blocks-accordion-title-wrap\"><span class=\"kt-blocks-accordion-title\"><a href=\"https:\/\/soundcloud.com\/user-365776232\/22-ysiluokkien-versot\">Jakso 22: Ysiluokkien Versot<\/a><\/span><\/span><span class=\"kt-blocks-accordion-icon-trigger\"><\/span><\/button><\/div><div class=\"kt-accordion-panel kt-accordion-panel-hidden\"><div class=\"kt-accordion-panel-inner\"><style>.wp-block-kadence-advancedheading.kt-adv-heading694_7f7bb3-c7, .wp-block-kadence-advancedheading.kt-adv-heading694_7f7bb3-c7[data-kb-block=\"kb-adv-heading694_7f7bb3-c7\"]{font-style:normal;color:#000102;}.wp-block-kadence-advancedheading.kt-adv-heading694_7f7bb3-c7 mark.kt-highlight, .wp-block-kadence-advancedheading.kt-adv-heading694_7f7bb3-c7[data-kb-block=\"kb-adv-heading694_7f7bb3-c7\"] mark.kt-highlight{font-style:normal;color:#f76a0c;-webkit-box-decoration-break:clone;box-decoration-break:clone;padding-top:0px;padding-right:0px;padding-bottom:0px;padding-left:0px;}.wp-block-kadence-advancedheading.kt-adv-heading694_7f7bb3-c7 img.kb-inline-image, .wp-block-kadence-advancedheading.kt-adv-heading694_7f7bb3-c7[data-kb-block=\"kb-adv-heading694_7f7bb3-c7\"] img.kb-inline-image{width:150px;vertical-align:baseline;}<\/style>\n<p class=\"kt-adv-heading694_7f7bb3-c7 wp-block-kadence-advancedheading\" data-kb-block=\"kb-adv-heading694_7f7bb3-c7\">Konkari-Versot p\u00e4\u00e4sev\u00e4t kertomaan t\u00e4m\u00e4nkertaisessa jaksossa, mit\u00e4 kokemuksia heill\u00e4 on vertaissovittelijana toimimisesta. Lis\u00e4ksi he puhuvat siit\u00e4, miten korona-aika on vaikuttanut sovittelijana toimimiseen ja koulussa esiintyviin konflikteihin. Jakso l\u00f6ytyy <a href=\"https:\/\/soundcloud.com\/user-365776232\/22-ysiluokkien-versot\" target=\"_blank\" rel=\"noreferrer noopener\">t\u00e4\u00e4lt\u00e4.<\/a> Antoisia kuunteluhetki\u00e4!<\/p>\n<\/div><\/div><\/div>\n\n\n\n<div class=\"wp-block-kadence-pane kt-accordion-pane kt-accordion-pane-37 kt-pane694_368c73-08\"><div class=\"kt-accordion-header-wrap\"><button class=\"kt-blocks-accordion-header kt-acccordion-button-label-show\" type=\"button\"><span class=\"kt-blocks-accordion-title-wrap\"><span class=\"kt-blocks-accordion-title\"><a href=\"https:\/\/soundcloud.com\/user-365776232\/sovittelu-verkossa\">Jakso 21: SSF:n uusi Sovittelu Verkossa -hanke eli SoVe<\/a><\/span><\/span><span class=\"kt-blocks-accordion-icon-trigger\"><\/span><\/button><\/div><div class=\"kt-accordion-panel kt-accordion-panel-hidden\"><div class=\"kt-accordion-panel-inner\"><style>.wp-block-kadence-advancedheading.kt-adv-heading694_aa21a9-12, .wp-block-kadence-advancedheading.kt-adv-heading694_aa21a9-12[data-kb-block=\"kb-adv-heading694_aa21a9-12\"]{font-style:normal;color:#000102;}.wp-block-kadence-advancedheading.kt-adv-heading694_aa21a9-12 mark.kt-highlight, .wp-block-kadence-advancedheading.kt-adv-heading694_aa21a9-12[data-kb-block=\"kb-adv-heading694_aa21a9-12\"] mark.kt-highlight{font-style:normal;color:#f76a0c;-webkit-box-decoration-break:clone;box-decoration-break:clone;padding-top:0px;padding-right:0px;padding-bottom:0px;padding-left:0px;}.wp-block-kadence-advancedheading.kt-adv-heading694_aa21a9-12 img.kb-inline-image, .wp-block-kadence-advancedheading.kt-adv-heading694_aa21a9-12[data-kb-block=\"kb-adv-heading694_aa21a9-12\"] img.kb-inline-image{width:150px;vertical-align:baseline;}<\/style>\n<p class=\"kt-adv-heading694_aa21a9-12 wp-block-kadence-advancedheading\" data-kb-block=\"kb-adv-heading694_aa21a9-12\">T\u00e4ss\u00e4 jaksossa esitell\u00e4\u00e4n SSF:n uusi Sovittelu Verkossa -hanke, joka on matalan kynnyksen auttajataho kaikissa arjen konflikteissa. P\u00e4\u00e4stet\u00e4\u00e4n SoVen ty\u00f6ntekij\u00e4t \u00e4\u00e4neen kertomaan, keit\u00e4 he ovat ja mist\u00e4 oikein on kyse. Sovittelun aallot- podcastjakson p\u00e4\u00e4set kuuntelemaan <a href=\"https:\/\/soundcloud.com\/user-365776232\/sovittelu-verkossa\" target=\"_blank\" rel=\"noreferrer noopener\">t\u00e4\u00e4ll\u00e4!<\/a><\/p>\n<\/div><\/div><\/div>\n\n\n\n<div class=\"wp-block-kadence-pane kt-accordion-pane kt-accordion-pane-36 kt-pane694_01a1ea-60\"><div class=\"kt-accordion-header-wrap\"><button class=\"kt-blocks-accordion-header kt-acccordion-button-label-show\" type=\"button\"><span class=\"kt-blocks-accordion-title-wrap\"><span class=\"kt-blocks-accordion-title\"><a href=\"https:\/\/soundcloud.com\/user-365776232\/kevaan-2020-yhteenveto\" target=\"_blank\" rel=\"noreferrer noopener\">Jakso 20: Kev\u00e4\u00e4n 2020 yhteenveto<\/a><\/span><\/span><span class=\"kt-blocks-accordion-icon-trigger\"><\/span><\/button><\/div><div class=\"kt-accordion-panel kt-accordion-panel-hidden\"><div class=\"kt-accordion-panel-inner\"><style>.wp-block-kadence-advancedheading.kt-adv-heading694_92ce1c-81, .wp-block-kadence-advancedheading.kt-adv-heading694_92ce1c-81[data-kb-block=\"kb-adv-heading694_92ce1c-81\"]{font-style:normal;color:#000102;}.wp-block-kadence-advancedheading.kt-adv-heading694_92ce1c-81 mark.kt-highlight, .wp-block-kadence-advancedheading.kt-adv-heading694_92ce1c-81[data-kb-block=\"kb-adv-heading694_92ce1c-81\"] mark.kt-highlight{font-style:normal;color:#f76a0c;-webkit-box-decoration-break:clone;box-decoration-break:clone;padding-top:0px;padding-right:0px;padding-bottom:0px;padding-left:0px;}.wp-block-kadence-advancedheading.kt-adv-heading694_92ce1c-81 img.kb-inline-image, .wp-block-kadence-advancedheading.kt-adv-heading694_92ce1c-81[data-kb-block=\"kb-adv-heading694_92ce1c-81\"] img.kb-inline-image{width:150px;vertical-align:baseline;}<\/style>\n<p class=\"kt-adv-heading694_92ce1c-81 wp-block-kadence-advancedheading\" data-kb-block=\"kb-adv-heading694_92ce1c-81\">T\u00e4ss\u00e4 poikkeusajan poikkeusjaksossa kuulemme kuinka kev\u00e4t 2020 on vaikuttanut VERSO-ohjelman toimintaan. Hypp\u00e4\u00e4 mukaan Teams-palaveriimme kuulemaan kuinka et\u00e4ty\u00f6n haasteista on sel\u00e4tetty ja mit\u00e4 on suunnitteilla ensi syksyksi! Jakson p\u00e4\u00e4set tuttuun tapaan kuuntelemaan <a href=\"https:\/\/soundcloud.com\/user-365776232\/kevaan-2020-yhteenveto\" target=\"_blank\" rel=\"noreferrer noopener\">t\u00e4\u00e4ll\u00e4! <\/a><\/p>\n<\/div><\/div><\/div>\n\n\n\n<div class=\"wp-block-kadence-pane kt-accordion-pane kt-accordion-pane-35 kt-pane694_219b40-f9\"><div class=\"kt-accordion-header-wrap\"><button class=\"kt-blocks-accordion-header kt-acccordion-button-label-show\" type=\"button\"><span class=\"kt-blocks-accordion-title-wrap\"><span class=\"kt-blocks-accordion-title\"><a href=\"https:\/\/soundcloud.com\/user-365776232\/naapuruussovittelu?in=user-365776232\/sets\/sovittelun-aallot\" target=\"_blank\" rel=\"noreferrer noopener\">Jakso 19: Naapuruussovittelu<\/a><\/span><\/span><span class=\"kt-blocks-accordion-icon-trigger\"><\/span><\/button><\/div><div class=\"kt-accordion-panel kt-accordion-panel-hidden\"><div class=\"kt-accordion-panel-inner\"><style>.wp-block-kadence-advancedheading.kt-adv-heading694_80df42-3b, .wp-block-kadence-advancedheading.kt-adv-heading694_80df42-3b[data-kb-block=\"kb-adv-heading694_80df42-3b\"]{font-style:normal;color:#000102;}.wp-block-kadence-advancedheading.kt-adv-heading694_80df42-3b mark.kt-highlight, .wp-block-kadence-advancedheading.kt-adv-heading694_80df42-3b[data-kb-block=\"kb-adv-heading694_80df42-3b\"] mark.kt-highlight{font-style:normal;color:#f76a0c;-webkit-box-decoration-break:clone;box-decoration-break:clone;padding-top:0px;padding-right:0px;padding-bottom:0px;padding-left:0px;}.wp-block-kadence-advancedheading.kt-adv-heading694_80df42-3b img.kb-inline-image, .wp-block-kadence-advancedheading.kt-adv-heading694_80df42-3b[data-kb-block=\"kb-adv-heading694_80df42-3b\"] img.kb-inline-image{width:150px;vertical-align:baseline;}<\/style>\n<p class=\"kt-adv-heading694_80df42-3b wp-block-kadence-advancedheading\" data-kb-block=\"kb-adv-heading694_80df42-3b\">Tiesitk\u00f6, ett\u00e4 sovittelua on Suomessakin monenlaista? T\u00e4ss\u00e4 spesiaalijaksossa VERSO-ohjelman Jaro haastattelee Naapuruussovittelun keskuksen sovittelijaa Jens Gellini\u00e4 heid\u00e4n sovitteluty\u00f6st\u00e4\u00e4n, kuinka se sai alkunsa ja mit\u00e4 yhteist\u00e4 ty\u00f6st\u00e4 l\u00f6ytyy VERSO-ohjelman kanssa? Kuuntele jakso tuttuun tapaan <a href=\"https:\/\/soundcloud.com\/user-365776232\/naapuruussovittelu?in=user-365776232\/sets\/sovittelun-aallot\" target=\"_blank\" rel=\"noreferrer noopener\">t\u00e4\u00e4ll\u00e4<\/a> ja lue lis\u00e4\u00e4 naapuruussovittelusta osoitteesta <a href=\"https:\/\/www.naapuruussovittelu.fi\" target=\"_blank\" rel=\"noreferrer noopener\">www.naapuuruussovittelu.fi<\/a><\/p>\n<\/div><\/div><\/div>\n\n\n\n<div class=\"wp-block-kadence-pane kt-accordion-pane kt-accordion-pane-34 kt-pane694_5cd1eb-3a\"><div class=\"kt-accordion-header-wrap\"><button class=\"kt-blocks-accordion-header kt-acccordion-button-label-show\" type=\"button\"><span class=\"kt-blocks-accordion-title-wrap\"><span class=\"kt-blocks-accordion-title\"><a href=\"https:\/\/soundcloud.com\/user-365776232\/18-verso-ohjelma-numeroiden-valossa\">Jakso 18: VERSO-ohjelma numeroiden valossa<\/a><\/span><\/span><span class=\"kt-blocks-accordion-icon-trigger\"><\/span><\/button><\/div><div class=\"kt-accordion-panel kt-accordion-panel-hidden\"><div class=\"kt-accordion-panel-inner\"><style>.wp-block-kadence-advancedheading.kt-adv-heading694_3a2cf9-43, .wp-block-kadence-advancedheading.kt-adv-heading694_3a2cf9-43[data-kb-block=\"kb-adv-heading694_3a2cf9-43\"]{font-style:normal;color:#000102;}.wp-block-kadence-advancedheading.kt-adv-heading694_3a2cf9-43 mark.kt-highlight, .wp-block-kadence-advancedheading.kt-adv-heading694_3a2cf9-43[data-kb-block=\"kb-adv-heading694_3a2cf9-43\"] mark.kt-highlight{font-style:normal;color:#f76a0c;-webkit-box-decoration-break:clone;box-decoration-break:clone;padding-top:0px;padding-right:0px;padding-bottom:0px;padding-left:0px;}.wp-block-kadence-advancedheading.kt-adv-heading694_3a2cf9-43 img.kb-inline-image, .wp-block-kadence-advancedheading.kt-adv-heading694_3a2cf9-43[data-kb-block=\"kb-adv-heading694_3a2cf9-43\"] img.kb-inline-image{width:150px;vertical-align:baseline;}<\/style>\n<p class=\"kt-adv-heading694_3a2cf9-43 wp-block-kadence-advancedheading\" data-kb-block=\"kb-adv-heading694_3a2cf9-43\">Jaksossa 18 tutustutaan sovittelutoimintaan varhaiskasvatuksessa ja opetuksessa ker\u00e4\u00e4m\u00e4mme tilastotiedon n\u00e4k\u00f6kulmasta! Mit\u00e4 numerot meille kertovat ja millaisia tarinoita niiden taustalla mahtaa olla? Studiossa Nelli jututtaa Verson koulutussuunnittelija Jannea ja MiniVerson koulutussuunnittelija Jaroa. Kuuntele jakso tuttuun tapaan <a href=\"https:\/\/soundcloud.com\/user-365776232\/18-verso-ohjelma-numeroiden-valossa\" target=\"_blank\" rel=\"noreferrer noopener\">t\u00e4\u00e4ll\u00e4!<\/a><\/p>\n<\/div><\/div><\/div>\n\n\n\n<div class=\"wp-block-kadence-pane kt-accordion-pane kt-accordion-pane-33 kt-pane694_3a13ff-7f\"><div class=\"kt-accordion-header-wrap\"><button class=\"kt-blocks-accordion-header kt-acccordion-button-label-show\" type=\"button\"><span class=\"kt-blocks-accordion-title-wrap\"><span class=\"kt-blocks-accordion-title\"><a href=\"https:\/\/soundcloud.com\/user-365776232\/17-verson-ukk\">Jakso 17: Verson Usein Kysytyt Kysymykset<\/a><\/span><\/span><span class=\"kt-blocks-accordion-icon-trigger\"><\/span><\/button><\/div><div class=\"kt-accordion-panel kt-accordion-panel-hidden\"><div class=\"kt-accordion-panel-inner\"><style>.wp-block-kadence-advancedheading.kt-adv-heading694_6e3c14-75, .wp-block-kadence-advancedheading.kt-adv-heading694_6e3c14-75[data-kb-block=\"kb-adv-heading694_6e3c14-75\"]{font-style:normal;color:#000102;}.wp-block-kadence-advancedheading.kt-adv-heading694_6e3c14-75 mark.kt-highlight, .wp-block-kadence-advancedheading.kt-adv-heading694_6e3c14-75[data-kb-block=\"kb-adv-heading694_6e3c14-75\"] mark.kt-highlight{font-style:normal;color:#f76a0c;-webkit-box-decoration-break:clone;box-decoration-break:clone;padding-top:0px;padding-right:0px;padding-bottom:0px;padding-left:0px;}.wp-block-kadence-advancedheading.kt-adv-heading694_6e3c14-75 img.kb-inline-image, .wp-block-kadence-advancedheading.kt-adv-heading694_6e3c14-75[data-kb-block=\"kb-adv-heading694_6e3c14-75\"] img.kb-inline-image{width:150px;vertical-align:baseline;}<\/style>\n<p class=\"kt-adv-heading694_6e3c14-75 wp-block-kadence-advancedheading\" data-kb-block=\"kb-adv-heading694_6e3c14-75\">Mink\u00e4 takia vertaissovittelussa sovittelijoina toimiva koulutetut oppilaat eiv\u00e4tk\u00e4 koulun aikuiset? Miten toimitaan, jos tilanne ei ratkea Versossa? Mit\u00e4 Versossa opitaan? T\u00e4ss\u00e4 jaksossa k\u00e4ymme l\u00e4pi Verson Usein Kysyttyj\u00e4 Kysymyksi\u00e4, studiossa kysymyksiin vastaamassa ohjelmajohtajamme Maija Gellin sek\u00e4 Verso-kouluttaja Anni Koivunen. Kuuntele jakso <a href=\"https:\/\/soundcloud.com\/user-365776232\/17-verson-ukk\" target=\"_blank\" rel=\"noreferrer noopener\">t\u00e4\u00e4ll\u00e4!<\/a><\/p>\n<\/div><\/div><\/div>\n\n\n\n<div class=\"wp-block-kadence-pane kt-accordion-pane kt-accordion-pane-32 kt-pane694_9a38bb-76\"><div class=\"kt-accordion-header-wrap\"><button class=\"kt-blocks-accordion-header kt-acccordion-button-label-show\" type=\"button\"><span class=\"kt-blocks-accordion-title-wrap\"><span class=\"kt-blocks-accordion-title\"><a href=\"https:\/\/soundcloud.com\/user-365776232\/16-miniverson-usein-kysytyt-kysymykset\">Jakso 16: MiniVerson Usein Kysytyt Kysymykset<\/a><\/span><\/span><span class=\"kt-blocks-accordion-icon-trigger\"><\/span><\/button><\/div><div class=\"kt-accordion-panel kt-accordion-panel-hidden\"><div class=\"kt-accordion-panel-inner\"><style>.wp-block-kadence-advancedheading.kt-adv-heading694_9314b3-09, .wp-block-kadence-advancedheading.kt-adv-heading694_9314b3-09[data-kb-block=\"kb-adv-heading694_9314b3-09\"]{font-style:normal;color:#000102;}.wp-block-kadence-advancedheading.kt-adv-heading694_9314b3-09 mark.kt-highlight, .wp-block-kadence-advancedheading.kt-adv-heading694_9314b3-09[data-kb-block=\"kb-adv-heading694_9314b3-09\"] mark.kt-highlight{font-style:normal;color:#f76a0c;-webkit-box-decoration-break:clone;box-decoration-break:clone;padding-top:0px;padding-right:0px;padding-bottom:0px;padding-left:0px;}.wp-block-kadence-advancedheading.kt-adv-heading694_9314b3-09 img.kb-inline-image, .wp-block-kadence-advancedheading.kt-adv-heading694_9314b3-09[data-kb-block=\"kb-adv-heading694_9314b3-09\"] img.kb-inline-image{width:150px;vertical-align:baseline;}<\/style>\n<p class=\"kt-adv-heading694_9314b3-09 wp-block-kadence-advancedheading\" data-kb-block=\"kb-adv-heading694_9314b3-09\">Kuinka pienten kanssa voidaan sovitella? Miten toimitaan, jos sopimukseen ei p\u00e4\u00e4st\u00e4? Tai jos riita toistuu tai ratkaisu ei sovikaan huoltajille? T\u00e4ss\u00e4 jaksossa MiniVerson koulutussuunnittelija ja kouluttaja Jarmo &#8221;Jaro&#8221; Holopainen vastaa yhteens\u00e4 viiteentoista usein kysyttyyn kysymykseen sovittelusta varhaiskasvatuksessa. Jaroa studiossa haastattelee mentoritoiminnan koordinaattorimme Nina Huhtinen. Jakson p\u00e4\u00e4set kuuntelemaan <a href=\"https:\/\/soundcloud.com\/user-365776232\/16-miniverson-usein-kysytyt-kysymykset\" target=\"_blank\" rel=\"noreferrer noopener\">t\u00e4\u00e4ll\u00e4!<\/a><\/p>\n<\/div><\/div><\/div>\n\n\n\n<div class=\"wp-block-kadence-pane kt-accordion-pane kt-accordion-pane-31 kt-pane694_391d62-cb\"><div class=\"kt-accordion-header-wrap\"><button class=\"kt-blocks-accordion-header kt-acccordion-button-label-show\" type=\"button\"><span class=\"kt-blocks-accordion-title-wrap\"><span class=\"kt-blocks-accordion-title\"><a href=\"https:\/\/soundcloud.com\/user-365776232\/15-miniverso-mentorit?in=user-365776232\/sets\/sovittelun-aallot\">Jakso 15: MiniVerso -mentorit<\/a><\/span><\/span><span class=\"kt-blocks-accordion-icon-trigger\"><\/span><\/button><\/div><div class=\"kt-accordion-panel kt-accordion-panel-hidden\"><div class=\"kt-accordion-panel-inner\"><style>.wp-block-kadence-advancedheading.kt-adv-heading694_37534a-1d, .wp-block-kadence-advancedheading.kt-adv-heading694_37534a-1d[data-kb-block=\"kb-adv-heading694_37534a-1d\"]{font-style:normal;color:#000102;}.wp-block-kadence-advancedheading.kt-adv-heading694_37534a-1d mark.kt-highlight, .wp-block-kadence-advancedheading.kt-adv-heading694_37534a-1d[data-kb-block=\"kb-adv-heading694_37534a-1d\"] mark.kt-highlight{font-style:normal;color:#f76a0c;-webkit-box-decoration-break:clone;box-decoration-break:clone;padding-top:0px;padding-right:0px;padding-bottom:0px;padding-left:0px;}.wp-block-kadence-advancedheading.kt-adv-heading694_37534a-1d img.kb-inline-image, .wp-block-kadence-advancedheading.kt-adv-heading694_37534a-1d[data-kb-block=\"kb-adv-heading694_37534a-1d\"] img.kb-inline-image{width:150px;vertical-align:baseline;}<\/style>\n<p class=\"kt-adv-heading694_37534a-1d wp-block-kadence-advancedheading\" data-kb-block=\"kb-adv-heading694_37534a-1d\">T\u00e4ss\u00e4 jaksossa MiniVerson koulutussuunnittelija Jarmo &#8221;Jaro&#8221; Holopainen haastattelee Tuusulan MiniVerso-mentoreita Emmi\u00e4 ja Maria heid\u00e4n n\u00e4kemyksist\u00e4\u00e4n sovittelutaitojen viemisest\u00e4 lapsille mm. draaman keinoin. Haastattelu on nauhoitettu valtakunnallisen mentoritapaamisen yhteydess\u00e4 Tampereella ja Emmi ja Mari olivat edellisen\u00e4 p\u00e4iv\u00e4n\u00e4 esitt\u00e4neet seminaarissamme p\u00f6yt\u00e4teatteriesityksen Kolme pient\u00e4 pukkia MiniVerson tapaan. Kuuntele jakso <a href=\"https:\/\/soundcloud.com\/user-365776232\/15-miniverso-mentorit?in=user-365776232\/sets\/sovittelun-aallot\" target=\"_blank\" rel=\"noreferrer noopener\">t\u00e4\u00e4ll\u00e4!<\/a><br><\/p>\n<\/div><\/div><\/div>\n\n\n\n<div class=\"wp-block-kadence-pane kt-accordion-pane kt-accordion-pane-30 kt-pane694_f1ffb5-e8\"><div class=\"kt-accordion-header-wrap\"><button class=\"kt-blocks-accordion-header kt-acccordion-button-label-show\" type=\"button\"><span class=\"kt-blocks-accordion-title-wrap\"><span class=\"kt-blocks-accordion-title\"><a href=\"https:\/\/soundcloud.com\/user-365776232\/maijan-haastattelu?in=user-365776232\/sets\/sovittelun-aallot\">Jakso 14: Maijan v\u00e4it\u00f6stutkimus<\/a><\/span><\/span><span class=\"kt-blocks-accordion-icon-trigger\"><\/span><\/button><\/div><div class=\"kt-accordion-panel kt-accordion-panel-hidden\"><div class=\"kt-accordion-panel-inner\"><style>.wp-block-kadence-advancedheading.kt-adv-heading694_19e9a7-0a, .wp-block-kadence-advancedheading.kt-adv-heading694_19e9a7-0a[data-kb-block=\"kb-adv-heading694_19e9a7-0a\"]{font-style:normal;color:#000102;}.wp-block-kadence-advancedheading.kt-adv-heading694_19e9a7-0a mark.kt-highlight, .wp-block-kadence-advancedheading.kt-adv-heading694_19e9a7-0a[data-kb-block=\"kb-adv-heading694_19e9a7-0a\"] mark.kt-highlight{font-style:normal;color:#f76a0c;-webkit-box-decoration-break:clone;box-decoration-break:clone;padding-top:0px;padding-right:0px;padding-bottom:0px;padding-left:0px;}.wp-block-kadence-advancedheading.kt-adv-heading694_19e9a7-0a img.kb-inline-image, .wp-block-kadence-advancedheading.kt-adv-heading694_19e9a7-0a[data-kb-block=\"kb-adv-heading694_19e9a7-0a\"] img.kb-inline-image{width:150px;vertical-align:baseline;}<\/style>\n<p class=\"kt-adv-heading694_19e9a7-0a wp-block-kadence-advancedheading\" data-kb-block=\"kb-adv-heading694_19e9a7-0a\">Jaksossa 14 mentoritoiminnan koordinaattorimme Nina haastattelee VERSO-ohjelman ohjelmajohtaja Maija Gellini\u00e4 h\u00e4nen v\u00e4it\u00f6stutkimuksestaan &#8221;<em>Restoratiivinen l\u00e4hestymistapa ja sovittelu peruskoulukontekstissa.&nbsp;Kohti eheytt\u00e4v\u00e4n kohtaamisen toimintakulttuuria<\/em>&#8221;. Jos restoratiivisuus on sinulle k\u00e4sitteen\u00e4 uusi, suosittelemme lukemaan osion <a href=\"https:\/\/sovittelu.com\/vertaissovittelu\/restoratiivisuus\/\" target=\"_blank\" rel=\"noreferrer noopener\">Restoratiivisuus<\/a><a href=\"https:\/\/sovittelu.com\/vertaissovittelu\/restoratiivinen-ajattelu\/\"> <\/a>sivuiltamme ennen kuuntelua. Jakson l\u00f6yd\u00e4t tuttuun tapaan <a href=\"https:\/\/soundcloud.com\/user-365776232\/maijan-haastattelu?in=user-365776232\/sets\/sovittelun-aallot\" target=\"_blank\" rel=\"noreferrer noopener\">t\u00e4\u00e4lt\u00e4<\/a>.<\/p>\n<\/div><\/div><\/div>\n\n\n\n<div class=\"wp-block-kadence-pane kt-accordion-pane kt-accordion-pane-29 kt-pane694_9c76e1-1c\"><div class=\"kt-accordion-header-wrap\"><button class=\"kt-blocks-accordion-header kt-acccordion-button-label-show\" type=\"button\"><span class=\"kt-blocks-accordion-title-wrap\"><span class=\"kt-blocks-accordion-title\"><a href=\"https:\/\/soundcloud.com\/user-365776232\/11-eskarijakso\">Jakso 13: Eskarilaisen haastattelu<\/a><\/span><\/span><span class=\"kt-blocks-accordion-icon-trigger\"><\/span><\/button><\/div><div class=\"kt-accordion-panel kt-accordion-panel-hidden\"><div class=\"kt-accordion-panel-inner\"><style>.wp-block-kadence-advancedheading.kt-adv-heading694_5b9fc6-4b, .wp-block-kadence-advancedheading.kt-adv-heading694_5b9fc6-4b[data-kb-block=\"kb-adv-heading694_5b9fc6-4b\"]{font-style:normal;color:#000102;}.wp-block-kadence-advancedheading.kt-adv-heading694_5b9fc6-4b mark.kt-highlight, .wp-block-kadence-advancedheading.kt-adv-heading694_5b9fc6-4b[data-kb-block=\"kb-adv-heading694_5b9fc6-4b\"] mark.kt-highlight{font-style:normal;color:#f76a0c;-webkit-box-decoration-break:clone;box-decoration-break:clone;padding-top:0px;padding-right:0px;padding-bottom:0px;padding-left:0px;}.wp-block-kadence-advancedheading.kt-adv-heading694_5b9fc6-4b img.kb-inline-image, .wp-block-kadence-advancedheading.kt-adv-heading694_5b9fc6-4b[data-kb-block=\"kb-adv-heading694_5b9fc6-4b\"] img.kb-inline-image{width:150px;vertical-align:baseline;}<\/style>\n<p class=\"kt-adv-heading694_5b9fc6-4b wp-block-kadence-advancedheading\" data-kb-block=\"kb-adv-heading694_5b9fc6-4b\">Kuinka sovittelu tulee lapsille tutuksi jo varhaiskasvatuksen puolella? Mit\u00e4 sovittelussa tapahtuu ja milt\u00e4 sen j\u00e4lkeen tuntuu? Minitiimin kouluttajat Iida ja Piipi jututtivat nyt eskarilaista Jennaa h\u00e4nen sovittelukokemuksistaan MiniVersoa k\u00e4ytt\u00e4v\u00e4n p\u00e4iv\u00e4kodin arjesta. T\u00e4m\u00e4n kerran podcast-jakso on lyhyempi, mutta asia arvokas: MiniVerson avulla tuodaan sovittelun el\u00e4m\u00e4ntaito osaksi pientenkin lasten arkea ja samalla saadaan olla aikuisina kanssaoppijan roolissa! Kuuntele jakso <a href=\"https:\/\/soundcloud.com\/user-365776232\/11-eskarijakso\" target=\"_blank\" rel=\"noreferrer noopener\">t\u00e4\u00e4ll\u00e4!<\/a><\/p>\n<\/div><\/div><\/div>\n\n\n\n<div class=\"wp-block-kadence-pane kt-accordion-pane kt-accordion-pane-28 kt-pane694_54779d-c2\"><div class=\"kt-accordion-header-wrap\"><button class=\"kt-blocks-accordion-header kt-acccordion-button-label-show\" type=\"button\"><span class=\"kt-blocks-accordion-title-wrap\"><span class=\"kt-blocks-accordion-title\"><a href=\"https:\/\/soundcloud.com\/user-365776232\/12-alakoulun-versot-saaga-ja-benjamin?in=user-365776232\/sets\/sovittelun-aallot\">Jakso 12: Alakoulun Versot<\/a><\/span><\/span><span class=\"kt-blocks-accordion-icon-trigger\"><\/span><\/button><\/div><div class=\"kt-accordion-panel kt-accordion-panel-hidden\"><div class=\"kt-accordion-panel-inner\"><style>.wp-block-kadence-advancedheading.kt-adv-heading694_0d1d8d-1c, .wp-block-kadence-advancedheading.kt-adv-heading694_0d1d8d-1c[data-kb-block=\"kb-adv-heading694_0d1d8d-1c\"]{font-style:normal;color:#000102;}.wp-block-kadence-advancedheading.kt-adv-heading694_0d1d8d-1c mark.kt-highlight, .wp-block-kadence-advancedheading.kt-adv-heading694_0d1d8d-1c[data-kb-block=\"kb-adv-heading694_0d1d8d-1c\"] mark.kt-highlight{font-style:normal;color:#f76a0c;-webkit-box-decoration-break:clone;box-decoration-break:clone;padding-top:0px;padding-right:0px;padding-bottom:0px;padding-left:0px;}.wp-block-kadence-advancedheading.kt-adv-heading694_0d1d8d-1c img.kb-inline-image, .wp-block-kadence-advancedheading.kt-adv-heading694_0d1d8d-1c[data-kb-block=\"kb-adv-heading694_0d1d8d-1c\"] img.kb-inline-image{width:150px;vertical-align:baseline;}<\/style>\n<p class=\"kt-adv-heading694_0d1d8d-1c wp-block-kadence-advancedheading\" data-kb-block=\"kb-adv-heading694_0d1d8d-1c\">Miten Verso toimii alakoulun puolella? Kuinka t\u00e4rkein\u00e4 pelis\u00e4\u00e4nn\u00f6t koetaan? T\u00e4ss\u00e4 jaksossa alakoulun puolella vertaissovittelijoina toimivat Saaga ja Benjaming kertovat omia kokemuksiaan ja ajatuksiaan Versosta ja sen pelis\u00e4\u00e4nn\u00f6ist\u00e4. Heit\u00e4 haastattelee Laura Taumaa. Surffaa mukaan Sovittelun aalloille kuulemaan lis\u00e4\u00e4! Jakson l\u00f6yd\u00e4t <a href=\"https:\/\/soundcloud.com\/user-365776232\/12-alakoulun-versot-saaga-ja-benjamin?in=user-365776232\/sets\/sovittelun-aallot\" target=\"_blank\" rel=\"noreferrer noopener\">t\u00e4\u00e4lt\u00e4!<\/a><\/p>\n<\/div><\/div><\/div>\n\n\n\n<div class=\"wp-block-kadence-pane kt-accordion-pane kt-accordion-pane-44 kt-pane694_bc40c1-80\"><div class=\"kt-accordion-header-wrap\"><button class=\"kt-blocks-accordion-header kt-acccordion-button-label-show\" type=\"button\"><span class=\"kt-blocks-accordion-title-wrap\"><span class=\"kt-blocks-accordion-title\"><a href=\"https:\/\/soundcloud.com\/user-365776232\/ylakoulun-versot?in=user-365776232\/sets\/sovittelun-aallot\">Jakso 11: Yl\u00e4koulun Versot<\/a><\/span><\/span><span class=\"kt-blocks-accordion-icon-trigger\"><\/span><\/button><\/div><div class=\"kt-accordion-panel kt-accordion-panel-hidden\"><div class=\"kt-accordion-panel-inner\"><style>.wp-block-kadence-advancedheading.kt-adv-heading694_d4c6e2-e8, .wp-block-kadence-advancedheading.kt-adv-heading694_d4c6e2-e8[data-kb-block=\"kb-adv-heading694_d4c6e2-e8\"]{font-style:normal;color:#000102;}.wp-block-kadence-advancedheading.kt-adv-heading694_d4c6e2-e8 mark.kt-highlight, .wp-block-kadence-advancedheading.kt-adv-heading694_d4c6e2-e8[data-kb-block=\"kb-adv-heading694_d4c6e2-e8\"] mark.kt-highlight{font-style:normal;color:#f76a0c;-webkit-box-decoration-break:clone;box-decoration-break:clone;padding-top:0px;padding-right:0px;padding-bottom:0px;padding-left:0px;}.wp-block-kadence-advancedheading.kt-adv-heading694_d4c6e2-e8 img.kb-inline-image, .wp-block-kadence-advancedheading.kt-adv-heading694_d4c6e2-e8[data-kb-block=\"kb-adv-heading694_d4c6e2-e8\"] img.kb-inline-image{width:150px;vertical-align:baseline;}<\/style>\n<p class=\"kt-adv-heading694_d4c6e2-e8 wp-block-kadence-advancedheading\" data-kb-block=\"kb-adv-heading694_d4c6e2-e8\">Miten vertaissovittelu toimii yl\u00e4koululaisten mielest\u00e4? Mit\u00e4 siell\u00e4 on opittu, mik\u00e4 on ollut haastavaa ja millaisia tapauksia on soviteltu? Verso-kouluttajamme Laura Taumaa p\u00e4\u00e4si haastattelemaan koulunsa Versoina toimineita Topia ja Innaa. Hypp\u00e4\u00e4 mukaan aalloille kuulemaan mit\u00e4 heill\u00e4 on sanottavanaan! Jakso kuunneltavissa <a href=\"https:\/\/soundcloud.com\/user-365776232\/ylakoulun-versot?in=user-365776232\/sets\/sovittelun-aallot\" target=\"_blank\" rel=\"noreferrer noopener\">Sovittelun aallot- podcastissa<\/a>.<\/p>\n<\/div><\/div><\/div>\n\n\n\n<div class=\"wp-block-kadence-pane kt-accordion-pane kt-accordion-pane-45 kt-pane694_0618a6-c6\"><div class=\"kt-accordion-header-wrap\"><button class=\"kt-blocks-accordion-header kt-acccordion-button-label-show\" type=\"button\"><span class=\"kt-blocks-accordion-title-wrap\"><span class=\"kt-blocks-accordion-title\"><a href=\"https:\/\/soundcloud.com\/user-365776232\/tim-chapman?in=user-365776232\/sets\/sovittelun-aallot\">Jakso 10: Tim Chapman<\/a><\/span><\/span><span class=\"kt-blocks-accordion-icon-trigger\"><\/span><\/button><\/div><div class=\"kt-accordion-panel kt-accordion-panel-hidden\"><div class=\"kt-accordion-panel-inner\"><style>.wp-block-kadence-advancedheading.kt-adv-heading694_faed5d-2b, .wp-block-kadence-advancedheading.kt-adv-heading694_faed5d-2b[data-kb-block=\"kb-adv-heading694_faed5d-2b\"]{font-style:normal;color:#000102;}.wp-block-kadence-advancedheading.kt-adv-heading694_faed5d-2b mark.kt-highlight, .wp-block-kadence-advancedheading.kt-adv-heading694_faed5d-2b[data-kb-block=\"kb-adv-heading694_faed5d-2b\"] mark.kt-highlight{font-style:normal;color:#f76a0c;-webkit-box-decoration-break:clone;box-decoration-break:clone;padding-top:0px;padding-right:0px;padding-bottom:0px;padding-left:0px;}.wp-block-kadence-advancedheading.kt-adv-heading694_faed5d-2b img.kb-inline-image, .wp-block-kadence-advancedheading.kt-adv-heading694_faed5d-2b[data-kb-block=\"kb-adv-heading694_faed5d-2b\"] img.kb-inline-image{width:150px;vertical-align:baseline;}<\/style>\n<p class=\"kt-adv-heading694_faed5d-2b wp-block-kadence-advancedheading\" data-kb-block=\"kb-adv-heading694_faed5d-2b\">European Forum for Restorative Justicen puheenjohtaja, professori Tim Chapman vieraili alkukev\u00e4\u00e4st\u00e4 Helsingiss\u00e4 Sovittelijap\u00e4ivill\u00e4 ja saimme h\u00e4net samalla Sovittelun aalloille. Kuka on Tim Chapman ja miten h\u00e4n liittyy VERSO-ohjelmaan? Mit\u00e4 Timill\u00e4 on sanottavanaan restoratiivisuudesta ja sovittelusta? Timi\u00e4 haastattelevat Laura Taumaa ja Nina Huhtinen. T\u00e4ll\u00e4 kertaa podcast on englanniksi, mutta l\u00f6yd\u00e4t haastattelun suomennoksen Ajankohtaista-osiosta, sill\u00e4 Tim on my\u00f6s uutiskirjeemme henkil\u00f6kuvassa! Kuuntele jakso <a href=\"https:\/\/soundcloud.com\/user-365776232\/tim-chapman?in=user-365776232\/sets\/sovittelun-aallot\" target=\"_blank\" rel=\"noreferrer noopener\">t\u00e4\u00e4lt\u00e4!<\/a><\/p>\n<\/div><\/div><\/div>\n\n\n\n<div class=\"wp-block-kadence-pane kt-accordion-pane kt-accordion-pane-46 kt-pane694_a294be-d0\"><div class=\"kt-accordion-header-wrap\"><button class=\"kt-blocks-accordion-header kt-acccordion-button-label-show\" type=\"button\"><span class=\"kt-blocks-accordion-title-wrap\"><span class=\"kt-blocks-accordion-title\"><a href=\"https:\/\/soundcloud.com\/user-365776232\/miniversoa-helsinkilaisittain?in=user-365776232\/sets\/sovittelun-aallot\">Jakso 9: Mini\u00e4 helsinkil\u00e4isitt\u00e4in<\/a><\/span><\/span><span class=\"kt-blocks-accordion-icon-trigger\"><\/span><\/button><\/div><div class=\"kt-accordion-panel kt-accordion-panel-hidden\"><div class=\"kt-accordion-panel-inner\"><style>.wp-block-kadence-advancedheading.kt-adv-heading694_9b0a4d-fd, .wp-block-kadence-advancedheading.kt-adv-heading694_9b0a4d-fd[data-kb-block=\"kb-adv-heading694_9b0a4d-fd\"]{font-style:normal;color:#000102;}.wp-block-kadence-advancedheading.kt-adv-heading694_9b0a4d-fd mark.kt-highlight, .wp-block-kadence-advancedheading.kt-adv-heading694_9b0a4d-fd[data-kb-block=\"kb-adv-heading694_9b0a4d-fd\"] mark.kt-highlight{font-style:normal;color:#f76a0c;-webkit-box-decoration-break:clone;box-decoration-break:clone;padding-top:0px;padding-right:0px;padding-bottom:0px;padding-left:0px;}.wp-block-kadence-advancedheading.kt-adv-heading694_9b0a4d-fd img.kb-inline-image, .wp-block-kadence-advancedheading.kt-adv-heading694_9b0a4d-fd[data-kb-block=\"kb-adv-heading694_9b0a4d-fd\"] img.kb-inline-image{width:150px;vertical-align:baseline;}<\/style>\n<p class=\"kt-adv-heading694_9b0a4d-fd wp-block-kadence-advancedheading\" data-kb-block=\"kb-adv-heading694_9b0a4d-fd\">T\u00e4ll\u00e4 kertaa Sovittelun aalloilla puhutaan MiniVersosta oppimisen n\u00e4k\u00f6kulmasta. Oppivatko sovitteluissa vain lapset? Helsinkil\u00e4isen talon v\u00e4ke\u00e4 jututtamassa ovat MiniVerso-kouluttajat Piipi Hiltunen ja Iida Lehtim\u00e4ki. Kuuntele jakso<a href=\"https:\/\/www.kieku.com\/channel\/VERSO-ohjelma\/544a02cf-ab72-4fdb-8cc8-20aac4a469ff\"> <\/a><a href=\"https:\/\/soundcloud.com\/user-365776232\/miniversoa-helsinkilaisittain?in=user-365776232\/sets\/sovittelun-aallot\" target=\"_blank\" rel=\"noreferrer noopener\">t\u00e4\u00e4ll\u00e4!<\/a><\/p>\n<\/div><\/div><\/div>\n\n\n\n<div class=\"wp-block-kadence-pane kt-accordion-pane kt-accordion-pane-47 kt-pane694_005062-f1\"><div class=\"kt-accordion-header-wrap\"><button class=\"kt-blocks-accordion-header kt-acccordion-button-label-show\" type=\"button\"><span class=\"kt-blocks-accordion-title-wrap\"><span class=\"kt-blocks-accordion-title\"><a href=\"https:\/\/soundcloud.com\/user-365776232\/vanhat-versot?in=user-365776232\/sets\/sovittelun-aallot\">Jakso 8: Vanhat Versot<\/a><\/span><\/span><span class=\"kt-blocks-accordion-icon-trigger\"><\/span><\/button><\/div><div class=\"kt-accordion-panel kt-accordion-panel-hidden\"><div class=\"kt-accordion-panel-inner\"><style>.wp-block-kadence-advancedheading.kt-adv-heading694_827ed3-2b, .wp-block-kadence-advancedheading.kt-adv-heading694_827ed3-2b[data-kb-block=\"kb-adv-heading694_827ed3-2b\"]{font-style:normal;color:#000102;}.wp-block-kadence-advancedheading.kt-adv-heading694_827ed3-2b mark.kt-highlight, .wp-block-kadence-advancedheading.kt-adv-heading694_827ed3-2b[data-kb-block=\"kb-adv-heading694_827ed3-2b\"] mark.kt-highlight{font-style:normal;color:#f76a0c;-webkit-box-decoration-break:clone;box-decoration-break:clone;padding-top:0px;padding-right:0px;padding-bottom:0px;padding-left:0px;}.wp-block-kadence-advancedheading.kt-adv-heading694_827ed3-2b img.kb-inline-image, .wp-block-kadence-advancedheading.kt-adv-heading694_827ed3-2b[data-kb-block=\"kb-adv-heading694_827ed3-2b\"] img.kb-inline-image{width:150px;vertical-align:baseline;}<\/style>\n<p class=\"kt-adv-heading694_827ed3-2b wp-block-kadence-advancedheading\" data-kb-block=\"kb-adv-heading694_827ed3-2b\">Mit\u00e4 tapahtuu kun Verso-oppilaat kasvavat aikuisiksi? Miten vertaissovittelutoiminta vaikuttaa el\u00e4m\u00e4\u00e4n my\u00f6hemmin? Tarvitseeko olla mallioppilas ollakseen hyv\u00e4 sovittelija? Mit\u00e4 siell\u00e4 sovittelussa opitaan? N\u00e4ist\u00e4 aiheista kutsuimme kanssamme keskustelemaan yl\u00e4koulussa sovittelijaoppilaina toimineet Kanervan, Mimosan ja Sampsan. Heit\u00e4 jututtaa tuttuun tapaan Laura Taumaa. Kuuntele Sovittelun aallot- podcastjakso <a href=\"https:\/\/soundcloud.com\/user-365776232\/vanhat-versot?in=user-365776232\/sets\/sovittelun-aallot\" target=\"_blank\" rel=\"noreferrer noopener\">t\u00e4\u00e4ll\u00e4!<\/a><\/p>\n<\/div><\/div><\/div>\n\n\n\n<div class=\"wp-block-kadence-pane kt-accordion-pane kt-accordion-pane-48 kt-pane694_9902ab-56\"><div class=\"kt-accordion-header-wrap\"><button class=\"kt-blocks-accordion-header kt-acccordion-button-label-show\" type=\"button\"><span class=\"kt-blocks-accordion-title-wrap\"><span class=\"kt-blocks-accordion-title\"><a href=\"https:\/\/soundcloud.com\/user-365776232\/minia-mikkelilaisittain?in=user-365776232\/sets\/sovittelun-aallot\">Jakso 7: Mikkelin Minil\u00e4iset<\/a><\/span><\/span><span class=\"kt-blocks-accordion-icon-trigger\"><\/span><\/button><\/div><div class=\"kt-accordion-panel kt-accordion-panel-hidden\"><div class=\"kt-accordion-panel-inner\"><style>.wp-block-kadence-advancedheading.kt-adv-heading694_a9b57f-9f, .wp-block-kadence-advancedheading.kt-adv-heading694_a9b57f-9f[data-kb-block=\"kb-adv-heading694_a9b57f-9f\"]{font-style:normal;color:#000102;}.wp-block-kadence-advancedheading.kt-adv-heading694_a9b57f-9f mark.kt-highlight, .wp-block-kadence-advancedheading.kt-adv-heading694_a9b57f-9f[data-kb-block=\"kb-adv-heading694_a9b57f-9f\"] mark.kt-highlight{font-style:normal;color:#f76a0c;-webkit-box-decoration-break:clone;box-decoration-break:clone;padding-top:0px;padding-right:0px;padding-bottom:0px;padding-left:0px;}.wp-block-kadence-advancedheading.kt-adv-heading694_a9b57f-9f img.kb-inline-image, .wp-block-kadence-advancedheading.kt-adv-heading694_a9b57f-9f[data-kb-block=\"kb-adv-heading694_a9b57f-9f\"] img.kb-inline-image{width:150px;vertical-align:baseline;}<\/style>\n<p class=\"kt-adv-heading694_a9b57f-9f wp-block-kadence-advancedheading\" data-kb-block=\"kb-adv-heading694_a9b57f-9f\">Mit\u00e4 MiniVerso tuo mukanaan p\u00e4iv\u00e4kotiin? Arjen asiantuntijat Mikkelist\u00e4 pohtivat t\u00e4t\u00e4 teemaa t\u00e4m\u00e4n kertaisessa jaksossa. Haastattelemassa koulutussuunnittelija Jarmo &#8217;Jaro&#8217; Holopainen ja kouluttaja Piipi Hiltunen MiniVerson puolelta. Tule mukaan aalloille! Jakso on kuunneltavissa <a href=\"https:\/\/soundcloud.com\/user-365776232\/minia-mikkelilaisittain?in=user-365776232\/sets\/sovittelun-aallot\" target=\"_blank\" rel=\"noreferrer noopener\">t\u00e4\u00e4ll\u00e4!<\/a><\/p>\n<\/div><\/div><\/div>\n\n\n\n<div class=\"wp-block-kadence-pane kt-accordion-pane kt-accordion-pane-49 kt-pane694_5715f7-19\"><div class=\"kt-accordion-header-wrap\"><button class=\"kt-blocks-accordion-header kt-acccordion-button-label-show\" type=\"button\"><span class=\"kt-blocks-accordion-title-wrap\"><span class=\"kt-blocks-accordion-title\"><a href=\"https:\/\/soundcloud.com\/user-365776232\/sovittelun-aallot-kuusamosta-kajahtaa?in=user-365776232\/sets\/sovittelun-aallot\">Jakso 6: Kuusamosta kajahtaa<\/a><\/span><\/span><span class=\"kt-blocks-accordion-icon-trigger\"><\/span><\/button><\/div><div class=\"kt-accordion-panel kt-accordion-panel-hidden\"><div class=\"kt-accordion-panel-inner\"><style>.wp-block-kadence-advancedheading.kt-adv-heading694_d95c76-f4, .wp-block-kadence-advancedheading.kt-adv-heading694_d95c76-f4[data-kb-block=\"kb-adv-heading694_d95c76-f4\"]{font-style:normal;color:#000102;}.wp-block-kadence-advancedheading.kt-adv-heading694_d95c76-f4 mark.kt-highlight, .wp-block-kadence-advancedheading.kt-adv-heading694_d95c76-f4[data-kb-block=\"kb-adv-heading694_d95c76-f4\"] mark.kt-highlight{font-style:normal;color:#f76a0c;-webkit-box-decoration-break:clone;box-decoration-break:clone;padding-top:0px;padding-right:0px;padding-bottom:0px;padding-left:0px;}.wp-block-kadence-advancedheading.kt-adv-heading694_d95c76-f4 img.kb-inline-image, .wp-block-kadence-advancedheading.kt-adv-heading694_d95c76-f4[data-kb-block=\"kb-adv-heading694_d95c76-f4\"] img.kb-inline-image{width:150px;vertical-align:baseline;}<\/style>\n<p class=\"kt-adv-heading694_d95c76-f4 wp-block-kadence-advancedheading\" data-kb-block=\"kb-adv-heading694_d95c76-f4\">Kaikki VERSO-ohjelman toimintamuodot ovat saaneet oman podcastinsa ja t\u00e4ll\u00e4 kertaa onkin aika saada kent\u00e4n \u00e4\u00e4nt\u00e4 kuuluviin! Versolla ja Restolla on pitk\u00e4t perinteet Kuusamossa ja saimmekin sielt\u00e4 kaksi pitk\u00e4n linjan sovitteluosaajaa kertomaan kuulumisia. Voiko sovittelutoiminta juurtua arkeen? Milt\u00e4 toimintakulttuurin muutos n\u00e4ytt\u00e4\u00e4 arjessa? N\u00e4ihin kysymyksiin vastaa Jaana ja Olli! Studiossa keskustelemassa my\u00f6s ohjelmajohtajamme Maija Gellin sek\u00e4 juontajana tuttuun tapaan Laura Taumaa! Kuuntele jakso <a href=\"https:\/\/soundcloud.com\/user-365776232\/sovittelun-aallot-kuusamosta-kajahtaa?in=user-365776232\/sets\/sovittelun-aallot\" target=\"_blank\" rel=\"noreferrer noopener\">t\u00e4\u00e4lt\u00e4!<\/a><\/p>\n<\/div><\/div><\/div>\n\n\n\n<div class=\"wp-block-kadence-pane kt-accordion-pane kt-accordion-pane-50 kt-pane694_858a90-1f\"><div class=\"kt-accordion-header-wrap\"><button class=\"kt-blocks-accordion-header kt-acccordion-button-label-show\" type=\"button\"><span class=\"kt-blocks-accordion-title-wrap\"><span class=\"kt-blocks-accordion-title\"><a href=\"https:\/\/soundcloud.com\/user-365776232\/mentoritoiminta?in=user-365776232\/sets\/sovittelun-aallot\">Jakso 5: Mentoritoiminta<\/a><\/span><\/span><span class=\"kt-blocks-accordion-icon-trigger\"><\/span><\/button><\/div><div class=\"kt-accordion-panel kt-accordion-panel-hidden\"><div class=\"kt-accordion-panel-inner\"><style>.wp-block-kadence-advancedheading.kt-adv-heading694_3965a0-e8, .wp-block-kadence-advancedheading.kt-adv-heading694_3965a0-e8[data-kb-block=\"kb-adv-heading694_3965a0-e8\"]{font-style:normal;color:#000102;}.wp-block-kadence-advancedheading.kt-adv-heading694_3965a0-e8 mark.kt-highlight, .wp-block-kadence-advancedheading.kt-adv-heading694_3965a0-e8[data-kb-block=\"kb-adv-heading694_3965a0-e8\"] mark.kt-highlight{font-style:normal;color:#f76a0c;-webkit-box-decoration-break:clone;box-decoration-break:clone;padding-top:0px;padding-right:0px;padding-bottom:0px;padding-left:0px;}.wp-block-kadence-advancedheading.kt-adv-heading694_3965a0-e8 img.kb-inline-image, .wp-block-kadence-advancedheading.kt-adv-heading694_3965a0-e8[data-kb-block=\"kb-adv-heading694_3965a0-e8\"] img.kb-inline-image{width:150px;vertical-align:baseline;}<\/style>\n<p class=\"kt-adv-heading694_3965a0-e8 wp-block-kadence-advancedheading\" data-kb-block=\"kb-adv-heading694_3965a0-e8\">Uuden lukukauden alku tiet\u00e4\u00e4 aina sovittelutoiminnan k\u00e4ynnist\u00e4mist\u00e4 niin oppilaitoksissa kuin varhaisvastausyksik\u00f6iss\u00e4kin. Mit\u00e4 hy\u00f6ty\u00e4 VERSO-ohjelman mentoritoiminnasta voisi teille olla? Ket\u00e4 se mentorointi oikein koskee? Ja mit\u00e4 siell\u00e4 tehd\u00e4\u00e4n? T\u00e4ss\u00e4 podcast-jaksossa vieraina ovat mentoritoiminnan koordinaattori Nina Huhtinen sek\u00e4 kouluttajat Piipi Hiltunen ja Iida Lehtim\u00e4ki. Juontamassa VERSO-kouluttaja Laura Taumaa. Kuuntele jakso<a href=\"https:\/\/soundcloud.com\/user-365776232\/mentoritoiminta?in=user-365776232\/sets\/sovittelun-aallot\" target=\"_blank\" rel=\"noreferrer noopener\">&nbsp;t\u00e4\u00e4lt\u00e4!<\/a><\/p>\n<\/div><\/div><\/div>\n\n\n\n<div class=\"wp-block-kadence-pane kt-accordion-pane kt-accordion-pane-51 kt-pane694_3fca78-0c\"><div class=\"kt-accordion-header-wrap\"><button class=\"kt-blocks-accordion-header kt-acccordion-button-label-show\" type=\"button\"><span class=\"kt-blocks-accordion-title-wrap\"><span class=\"kt-blocks-accordion-title\"><a href=\"https:\/\/soundcloud.com\/user-365776232\/sovittelun-aallot-mini-tiimi?in=user-365776232\/sets\/sovittelun-aallot\" target=\"_blank\" rel=\"noreferrer noopener\">Jakso 4: Minitiimi<\/a><\/span><\/span><span class=\"kt-blocks-accordion-icon-trigger\"><\/span><\/button><\/div><div class=\"kt-accordion-panel kt-accordion-panel-hidden\"><div class=\"kt-accordion-panel-inner\"><style>.wp-block-kadence-advancedheading.kt-adv-heading694_f7472d-80, .wp-block-kadence-advancedheading.kt-adv-heading694_f7472d-80[data-kb-block=\"kb-adv-heading694_f7472d-80\"]{font-style:normal;color:#000102;}.wp-block-kadence-advancedheading.kt-adv-heading694_f7472d-80 mark.kt-highlight, .wp-block-kadence-advancedheading.kt-adv-heading694_f7472d-80[data-kb-block=\"kb-adv-heading694_f7472d-80\"] mark.kt-highlight{font-style:normal;color:#f76a0c;-webkit-box-decoration-break:clone;box-decoration-break:clone;padding-top:0px;padding-right:0px;padding-bottom:0px;padding-left:0px;}.wp-block-kadence-advancedheading.kt-adv-heading694_f7472d-80 img.kb-inline-image, .wp-block-kadence-advancedheading.kt-adv-heading694_f7472d-80[data-kb-block=\"kb-adv-heading694_f7472d-80\"] img.kb-inline-image{width:150px;vertical-align:baseline;}<\/style>\n<p class=\"kt-adv-heading694_f7472d-80 wp-block-kadence-advancedheading\" data-kb-block=\"kb-adv-heading694_f7472d-80\">Voiko pienet lapset sovitella? Miten puhumaton voi osallistua? Eik\u00f6 ne ole liian pieni\u00e4? Tule aalloille kuuntelemaan, kuinka sovittelutoiminta mahdollistuu varhaiskasvatuksessa. T\u00e4ss\u00e4 podcast-jaksossa vieraina ovat MiniVerson tiimi eli koulutussuunnittelija Jarmo Holopainen sek\u00e4 kouluttajat Piipi Hiltunen ja Tiina Nurmi. Juontajana toimii tuttuun tapaan VERSO-kouluttaja Laura Taumaa. Kuuntele jakso <a href=\"https:\/\/soundcloud.com\/user-365776232\/sovittelun-aallot-mini-tiimi?in=user-365776232\/sets\/sovittelun-aallot\" target=\"_blank\" rel=\"noreferrer noopener\">t\u00e4\u00e4ll\u00e4!<\/a><\/p>\n<\/div><\/div><\/div>\n\n\n\n<div class=\"wp-block-kadence-pane kt-accordion-pane kt-accordion-pane-52 kt-pane694_8d4808-a4\"><div class=\"kt-accordion-header-wrap\"><button class=\"kt-blocks-accordion-header kt-acccordion-button-label-show\" type=\"button\"><span class=\"kt-blocks-accordion-title-wrap\"><span class=\"kt-blocks-accordion-title\"><a href=\"https:\/\/soundcloud.com\/user-365776232\/sovittelun-aallot-resto-tiimi?in=user-365776232\/sets\/sovittelun-aallot\">Jakso 3: RESTO-tiimi<\/a><\/span><\/span><span class=\"kt-blocks-accordion-icon-trigger\"><\/span><\/button><\/div><div class=\"kt-accordion-panel kt-accordion-panel-hidden\"><div class=\"kt-accordion-panel-inner\"><style>.wp-block-kadence-advancedheading.kt-adv-heading694_739994-d0, .wp-block-kadence-advancedheading.kt-adv-heading694_739994-d0[data-kb-block=\"kb-adv-heading694_739994-d0\"]{font-style:normal;color:#000102;}.wp-block-kadence-advancedheading.kt-adv-heading694_739994-d0 mark.kt-highlight, .wp-block-kadence-advancedheading.kt-adv-heading694_739994-d0[data-kb-block=\"kb-adv-heading694_739994-d0\"] mark.kt-highlight{font-style:normal;color:#f76a0c;-webkit-box-decoration-break:clone;box-decoration-break:clone;padding-top:0px;padding-right:0px;padding-bottom:0px;padding-left:0px;}.wp-block-kadence-advancedheading.kt-adv-heading694_739994-d0 img.kb-inline-image, .wp-block-kadence-advancedheading.kt-adv-heading694_739994-d0[data-kb-block=\"kb-adv-heading694_739994-d0\"] img.kb-inline-image{width:150px;vertical-align:baseline;}<\/style>\n<p class=\"kt-adv-heading694_739994-d0 wp-block-kadence-advancedheading\" data-kb-block=\"kb-adv-heading694_739994-d0\">RESTO-tiimi. Mik\u00e4 on Resto-kurssi? Kenelle se on ja mit\u00e4 siell\u00e4 tapahtuu? T\u00e4ss\u00e4 Sovittelun aallot- podcast- jaksossa vieraina ovat VERSO-ohjelman ohjelmajohtaja Maija Gellin,&nbsp; koulutusp\u00e4\u00e4llikk\u00f6 Eeva Saarinen, koulutussuunnittelija, kouluttaja Janne Johansson. Juontajana&nbsp;VERSO-kouluttaja Laura Taumaa. Jakso on kuunneltavissa <a href=\"https:\/\/soundcloud.com\/user-365776232\/sovittelun-aallot-resto-tiimi?in=user-365776232\/sets\/sovittelun-aallot\" target=\"_blank\" rel=\"noreferrer noopener\">t\u00e4\u00e4ll\u00e4!<\/a><\/p>\n<\/div><\/div><\/div>\n\n\n\n<div class=\"wp-block-kadence-pane kt-accordion-pane kt-accordion-pane-53 kt-pane694_acd7d5-33\"><div class=\"kt-accordion-header-wrap\"><button class=\"kt-blocks-accordion-header kt-acccordion-button-label-show\" type=\"button\"><span class=\"kt-blocks-accordion-title-wrap\"><span class=\"kt-blocks-accordion-title\"><a href=\"https:\/\/soundcloud.com\/user-365776232\/sovittelun-aallot-verso-tiimi?in=user-365776232\/sets\/sovittelun-aallot\" target=\"_blank\" rel=\"noreferrer noopener\">Jakso 2: Verso-tiimi<\/a><\/span><\/span><span class=\"kt-blocks-accordion-icon-trigger\"><\/span><\/button><\/div><div class=\"kt-accordion-panel kt-accordion-panel-hidden\"><div class=\"kt-accordion-panel-inner\"><style>.wp-block-kadence-advancedheading.kt-adv-heading694_30690b-28, .wp-block-kadence-advancedheading.kt-adv-heading694_30690b-28[data-kb-block=\"kb-adv-heading694_30690b-28\"]{font-style:normal;color:#000102;}.wp-block-kadence-advancedheading.kt-adv-heading694_30690b-28 mark.kt-highlight, .wp-block-kadence-advancedheading.kt-adv-heading694_30690b-28[data-kb-block=\"kb-adv-heading694_30690b-28\"] mark.kt-highlight{font-style:normal;color:#f76a0c;-webkit-box-decoration-break:clone;box-decoration-break:clone;padding-top:0px;padding-right:0px;padding-bottom:0px;padding-left:0px;}.wp-block-kadence-advancedheading.kt-adv-heading694_30690b-28 img.kb-inline-image, .wp-block-kadence-advancedheading.kt-adv-heading694_30690b-28[data-kb-block=\"kb-adv-heading694_30690b-28\"] img.kb-inline-image{width:150px;vertical-align:baseline;}<\/style>\n<p class=\"kt-adv-heading694_30690b-28 wp-block-kadence-advancedheading\" data-kb-block=\"kb-adv-heading694_30690b-28\">Verso-tiimi. Miten toimii vertaissovittelu oppilaitoksissa? Voiko lapset ja nuoret sovitella kesken\u00e4\u00e4n? VERSO-ohjelman toinen podcast vastaa n\u00e4ihin kysymyksiin! Vieraina VERSO-koulutussuunnittelija, kouluttaja Janne Johansson ja kouluttaja Leena Saarela. Juontajana&nbsp;VERSO-kouluttaja Laura Taumaa. Jakso on kuunneltavissa <a href=\"https:\/\/soundcloud.com\/user-365776232\/sovittelun-aallot-verso-tiimi?in=user-365776232\/sets\/sovittelun-aallot\" target=\"_blank\" rel=\"noreferrer noopener\">t\u00e4\u00e4ll\u00e4!<\/a><\/p>\n<\/div><\/div><\/div>\n\n\n\n<div class=\"wp-block-kadence-pane kt-accordion-pane kt-accordion-pane-54 kt-pane694_ffec18-6f\"><div class=\"kt-accordion-header-wrap\"><button class=\"kt-blocks-accordion-header kt-acccordion-button-label-show\" type=\"button\"><span class=\"kt-blocks-accordion-title-wrap\"><span class=\"kt-blocks-accordion-title\">Jakso 1: Mist\u00e4 kaikki alkoi?<\/span><\/span><span class=\"kt-blocks-accordion-icon-trigger\"><\/span><\/button><\/div><div class=\"kt-accordion-panel kt-accordion-panel-hidden\"><div class=\"kt-accordion-panel-inner\"><style>.wp-block-kadence-advancedheading.kt-adv-heading694_0ba1f8-6b, .wp-block-kadence-advancedheading.kt-adv-heading694_0ba1f8-6b[data-kb-block=\"kb-adv-heading694_0ba1f8-6b\"]{font-style:normal;color:#000102;}.wp-block-kadence-advancedheading.kt-adv-heading694_0ba1f8-6b mark.kt-highlight, .wp-block-kadence-advancedheading.kt-adv-heading694_0ba1f8-6b[data-kb-block=\"kb-adv-heading694_0ba1f8-6b\"] mark.kt-highlight{font-style:normal;color:#f76a0c;-webkit-box-decoration-break:clone;box-decoration-break:clone;padding-top:0px;padding-right:0px;padding-bottom:0px;padding-left:0px;}.wp-block-kadence-advancedheading.kt-adv-heading694_0ba1f8-6b img.kb-inline-image, .wp-block-kadence-advancedheading.kt-adv-heading694_0ba1f8-6b[data-kb-block=\"kb-adv-heading694_0ba1f8-6b\"] img.kb-inline-image{width:150px;vertical-align:baseline;}<\/style>\n<p class=\"kt-adv-heading694_0ba1f8-6b wp-block-kadence-advancedheading\" data-kb-block=\"kb-adv-heading694_0ba1f8-6b\">Suomen Sovittelufoorumin VERSO-ohjelman ensimm\u00e4isess\u00e4 podcast-jaksossa vieraina ovat VERSO-ohjelman ohjelmajohtaja Maija Gellin sek\u00e4 koulutusp\u00e4\u00e4llikk\u00f6 Eeva Saarinen, jotka kertovat miten VERSO-ohjelma sai alkunsa vuonna 2001. Juontajana&nbsp;VERSO-kouluttaja Laura Taumaa. Jakso on kuunneltavissa <a href=\"https:\/\/soundcloud.com\/user-365776232\/mista-kaikki-alkoi?in=user-365776232\/sets\/sovittelun-aallot\" target=\"_blank\" rel=\"noreferrer noopener\">t\u00e4\u00e4ll\u00e4!<\/a><\/p>\n<\/div><\/div><\/div>\n<\/div><\/div><\/div>\n<\/div><\/div>\n\n\n<style>.kadence-column694_348fea-53 > .kt-inside-inner-col,.kadence-column694_348fea-53 > .kt-inside-inner-col:before{border-top-left-radius:0px;border-top-right-radius:0px;border-bottom-right-radius:0px;border-bottom-left-radius:0px;}.kadence-column694_348fea-53 > .kt-inside-inner-col{column-gap:var(--global-kb-gap-sm, 1rem);}.kadence-column694_348fea-53 > .kt-inside-inner-col{flex-direction:column;}.kadence-column694_348fea-53 > .kt-inside-inner-col > .aligncenter{width:100%;}.kadence-column694_348fea-53 > .kt-inside-inner-col:before{opacity:0.3;}.kadence-column694_348fea-53{position:relative;}@media all and (max-width: 1024px){.kadence-column694_348fea-53 > .kt-inside-inner-col{flex-direction:column;justify-content:center;}}@media all and (max-width: 767px){.kadence-column694_348fea-53 > .kt-inside-inner-col{flex-direction:column;justify-content:center;}}<\/style>\n<div class=\"wp-block-kadence-column kadence-column694_348fea-53 kvs-sm-false\"><div class=\"kt-inside-inner-col\"><\/div><\/div>\n\n<\/div><\/div><\/div><\/div>\n\n<\/div><\/div>","protected":false},"excerpt":{"rendered":"<p>Sovittelun aallot- podcast Sovittelun allot- podcast on VERSO-ohjelman oma podcast-sarja, jossa keskustelemme sovitteluun ja restoratiiviseen l\u00e4hestymistapaanliittyvist\u00e4 asioista. Haastateltavina on niin VERSO-ohjelman ty\u00f6ntekij\u00f6it\u00e4, kuinkent\u00e4ll\u00e4 toimivia ammattilaisia, lapsia ja aikuisia. Tervetuloa kuuntelemaan! HUOM! Jos Soundcloud pyyt\u00e4\u00e4 sinua kirjautumaan, voit sulkea kirjautumisikkunan yl\u00e4ruudun pienest\u00e4 raksista ja kuunnella jakson \u00e4\u00e4niraidan kirjautumatta sis\u00e4\u00e4n.<\/p>","protected":false},"author":1,"featured_media":16873,"parent":0,"menu_order":0,"comment_status":"closed","ping_status":"closed","template":"","meta":{"_kad_post_transparent":"","_kad_post_title":"","_kad_post_layout":"","_kad_post_sidebar_id":"","_kad_post_content_style":"","_kad_post_vertical_padding":"","_kad_post_feature":"","_kad_post_feature_position":"","_kad_post_header":false,"_kad_post_footer":false,"_kad_post_classname":"","footnotes":""},"class_list":["post-694","page","type-page","status-publish","has-post-thumbnail","hentry"],"yoast_head":"<!-- This site is optimized with the Yoast SEO plugin v27.4 - https:\/\/yoast.com\/product\/yoast-seo-wordpress\/ -->\n<title>Sovittelun aallot- podcast | Verso<\/title>\n<meta name=\"description\" content=\"Sovittelun aallot-podcast on VERSO-ohjelman oma podcast-sarja sovitteluun ja restoratiiviseen l\u00e4hestymistapaan liittyvist\u00e4 asioista.\" \/>\n<meta name=\"robots\" content=\"index, follow, max-snippet:-1, max-image-preview:large, max-video-preview:-1\" \/>\n<link rel=\"canonical\" href=\"https:\/\/sovittelu.com\/vertaissovittelu\/sv\/podcasten-vagor-av-forsoning\/\" \/>\n<meta property=\"og:locale\" content=\"sv_SE\" \/>\n<meta property=\"og:type\" content=\"article\" \/>\n<meta property=\"og:title\" content=\"Sovittelun aallot- podcast | Verso\" \/>\n<meta property=\"og:description\" content=\"Sovittelun aallot-podcast on VERSO-ohjelman oma podcast-sarja sovitteluun ja restoratiiviseen l\u00e4hestymistapaan liittyvist\u00e4 asioista.\" \/>\n<meta property=\"og:url\" content=\"https:\/\/sovittelu.com\/vertaissovittelu\/sv\/podcasten-vagor-av-forsoning\/\" \/>\n<meta property=\"og:site_name\" content=\"Verso\" \/>\n<meta property=\"article:publisher\" content=\"https:\/\/www.facebook.com\/VERSOsovittelu\" \/>\n<meta property=\"article:modified_time\" content=\"2026-03-31T08:18:50+00:00\" \/>\n<meta property=\"og:image\" content=\"https:\/\/sovittelu.com\/vertaissovittelu\/wp-content\/uploads\/2025\/12\/sovittelun_aallot_1920x540px.jpg\" \/>\n\t<meta property=\"og:image:width\" content=\"1920\" \/>\n\t<meta property=\"og:image:height\" content=\"540\" \/>\n\t<meta property=\"og:image:type\" content=\"image\/jpeg\" \/>\n<meta name=\"twitter:card\" content=\"summary_large_image\" \/>\n<meta name=\"twitter:label1\" content=\"Ber\u00e4knad l\u00e4stid\" \/>\n\t<meta name=\"twitter:data1\" content=\"10 minuter\" \/>\n<script type=\"application\/ld+json\" class=\"yoast-schema-graph\">{\"@context\":\"https:\\\/\\\/schema.org\",\"@graph\":[{\"@type\":\"WebPage\",\"@id\":\"https:\\\/\\\/sovittelu.com\\\/vertaissovittelu\\\/sovittelun-aallot-podcast\\\/\",\"url\":\"https:\\\/\\\/sovittelu.com\\\/vertaissovittelu\\\/sovittelun-aallot-podcast\\\/\",\"name\":\"Sovittelun aallot- podcast | Verso\",\"isPartOf\":{\"@id\":\"https:\\\/\\\/sovittelu.com\\\/vertaissovittelu\\\/#website\"},\"primaryImageOfPage\":{\"@id\":\"https:\\\/\\\/sovittelu.com\\\/vertaissovittelu\\\/sovittelun-aallot-podcast\\\/#primaryimage\"},\"image\":{\"@id\":\"https:\\\/\\\/sovittelu.com\\\/vertaissovittelu\\\/sovittelun-aallot-podcast\\\/#primaryimage\"},\"thumbnailUrl\":\"https:\\\/\\\/sovittelu.com\\\/vertaissovittelu\\\/wp-content\\\/uploads\\\/2025\\\/12\\\/sovittelun_aallot_1920x540px.jpg\",\"datePublished\":\"2018-09-17T10:56:49+00:00\",\"dateModified\":\"2026-03-31T08:18:50+00:00\",\"description\":\"Sovittelun aallot-podcast on VERSO-ohjelman oma podcast-sarja sovitteluun ja restoratiiviseen l\u00e4hestymistapaan liittyvist\u00e4 asioista.\",\"breadcrumb\":{\"@id\":\"https:\\\/\\\/sovittelu.com\\\/vertaissovittelu\\\/sovittelun-aallot-podcast\\\/#breadcrumb\"},\"inLanguage\":\"sv-SE\",\"potentialAction\":[{\"@type\":\"ReadAction\",\"target\":[\"https:\\\/\\\/sovittelu.com\\\/vertaissovittelu\\\/sovittelun-aallot-podcast\\\/\"]}]},{\"@type\":\"ImageObject\",\"inLanguage\":\"sv-SE\",\"@id\":\"https:\\\/\\\/sovittelu.com\\\/vertaissovittelu\\\/sovittelun-aallot-podcast\\\/#primaryimage\",\"url\":\"https:\\\/\\\/sovittelu.com\\\/vertaissovittelu\\\/wp-content\\\/uploads\\\/2025\\\/12\\\/sovittelun_aallot_1920x540px.jpg\",\"contentUrl\":\"https:\\\/\\\/sovittelu.com\\\/vertaissovittelu\\\/wp-content\\\/uploads\\\/2025\\\/12\\\/sovittelun_aallot_1920x540px.jpg\",\"width\":1920,\"height\":540,\"caption\":\"Resto- tarvekortti tekstill\u00e4: \\\"Kuulluksi tuleminen\\\".\"},{\"@type\":\"BreadcrumbList\",\"@id\":\"https:\\\/\\\/sovittelu.com\\\/vertaissovittelu\\\/sovittelun-aallot-podcast\\\/#breadcrumb\",\"itemListElement\":[{\"@type\":\"ListItem\",\"position\":1,\"name\":\"Etusivu\",\"item\":\"https:\\\/\\\/sovittelu.com\\\/vertaissovittelu\\\/\"},{\"@type\":\"ListItem\",\"position\":2,\"name\":\"Sovittelun aallot- podcast\"}]},{\"@type\":\"WebSite\",\"@id\":\"https:\\\/\\\/sovittelu.com\\\/vertaissovittelu\\\/#website\",\"url\":\"https:\\\/\\\/sovittelu.com\\\/vertaissovittelu\\\/\",\"name\":\"VERSO-ohjelma\",\"description\":\"Vertaissovitteluohjelma\",\"publisher\":{\"@id\":\"https:\\\/\\\/sovittelu.com\\\/vertaissovittelu\\\/#organization\"},\"potentialAction\":[{\"@type\":\"SearchAction\",\"target\":{\"@type\":\"EntryPoint\",\"urlTemplate\":\"https:\\\/\\\/sovittelu.com\\\/vertaissovittelu\\\/?s={search_term_string}\"},\"query-input\":{\"@type\":\"PropertyValueSpecification\",\"valueRequired\":true,\"valueName\":\"search_term_string\"}}],\"inLanguage\":\"sv-SE\"},{\"@type\":\"Organization\",\"@id\":\"https:\\\/\\\/sovittelu.com\\\/vertaissovittelu\\\/#organization\",\"name\":\"VERSO-ohjelma\",\"url\":\"https:\\\/\\\/sovittelu.com\\\/vertaissovittelu\\\/\",\"logo\":{\"@type\":\"ImageObject\",\"inLanguage\":\"sv-SE\",\"@id\":\"https:\\\/\\\/sovittelu.com\\\/vertaissovittelu\\\/#\\\/schema\\\/logo\\\/image\\\/\",\"url\":\"https:\\\/\\\/sovittelu.com\\\/vertaissovittelu\\\/wp-content\\\/uploads\\\/2026\\\/01\\\/verso_ikoni_512x512px.png\",\"contentUrl\":\"https:\\\/\\\/sovittelu.com\\\/vertaissovittelu\\\/wp-content\\\/uploads\\\/2026\\\/01\\\/verso_ikoni_512x512px.png\",\"width\":512,\"height\":512,\"caption\":\"VERSO-ohjelma\"},\"image\":{\"@id\":\"https:\\\/\\\/sovittelu.com\\\/vertaissovittelu\\\/#\\\/schema\\\/logo\\\/image\\\/\"},\"sameAs\":[\"https:\\\/\\\/www.facebook.com\\\/VERSOsovittelu\",\"https:\\\/\\\/www.instagram.com\\\/verso_sovittelu\\\/\"]}]}<\/script>\n<!-- \/ Yoast SEO plugin. -->","yoast_head_json":{"title":"Podcast om f\u00f6rsoningens v\u00e5gor | Verso","description":"Podcasten Waves of Mediation \u00e4r VERSO:s egen podcastserie om medling och reparativa metoder.","robots":{"index":"index","follow":"follow","max-snippet":"max-snippet:-1","max-image-preview":"max-image-preview:large","max-video-preview":"max-video-preview:-1"},"canonical":"https:\/\/sovittelu.com\/vertaissovittelu\/sv\/podcasten-vagor-av-forsoning\/","og_locale":"sv_SE","og_type":"article","og_title":"Sovittelun aallot- podcast | Verso","og_description":"Sovittelun aallot-podcast on VERSO-ohjelman oma podcast-sarja sovitteluun ja restoratiiviseen l\u00e4hestymistapaan liittyvist\u00e4 asioista.","og_url":"https:\/\/sovittelu.com\/vertaissovittelu\/sv\/podcasten-vagor-av-forsoning\/","og_site_name":"Verso","article_publisher":"https:\/\/www.facebook.com\/VERSOsovittelu","article_modified_time":"2026-03-31T08:18:50+00:00","og_image":[{"width":1920,"height":540,"url":"https:\/\/sovittelu.com\/vertaissovittelu\/wp-content\/uploads\/2025\/12\/sovittelun_aallot_1920x540px.jpg","type":"image\/jpeg"}],"twitter_card":"summary_large_image","twitter_misc":{"Ber\u00e4knad l\u00e4stid":"10 minuter"},"schema":{"@context":"https:\/\/schema.org","@graph":[{"@type":"WebPage","@id":"https:\/\/sovittelu.com\/vertaissovittelu\/sovittelun-aallot-podcast\/","url":"https:\/\/sovittelu.com\/vertaissovittelu\/sovittelun-aallot-podcast\/","name":"Podcast om f\u00f6rsoningens v\u00e5gor | Verso","isPartOf":{"@id":"https:\/\/sovittelu.com\/vertaissovittelu\/#website"},"primaryImageOfPage":{"@id":"https:\/\/sovittelu.com\/vertaissovittelu\/sovittelun-aallot-podcast\/#primaryimage"},"image":{"@id":"https:\/\/sovittelu.com\/vertaissovittelu\/sovittelun-aallot-podcast\/#primaryimage"},"thumbnailUrl":"https:\/\/sovittelu.com\/vertaissovittelu\/wp-content\/uploads\/2025\/12\/sovittelun_aallot_1920x540px.jpg","datePublished":"2018-09-17T10:56:49+00:00","dateModified":"2026-03-31T08:18:50+00:00","description":"Podcasten Waves of Mediation \u00e4r VERSO:s egen podcastserie om medling och reparativa metoder.","breadcrumb":{"@id":"https:\/\/sovittelu.com\/vertaissovittelu\/sovittelun-aallot-podcast\/#breadcrumb"},"inLanguage":"sv-SE","potentialAction":[{"@type":"ReadAction","target":["https:\/\/sovittelu.com\/vertaissovittelu\/sovittelun-aallot-podcast\/"]}]},{"@type":"ImageObject","inLanguage":"sv-SE","@id":"https:\/\/sovittelu.com\/vertaissovittelu\/sovittelun-aallot-podcast\/#primaryimage","url":"https:\/\/sovittelu.com\/vertaissovittelu\/wp-content\/uploads\/2025\/12\/sovittelun_aallot_1920x540px.jpg","contentUrl":"https:\/\/sovittelu.com\/vertaissovittelu\/wp-content\/uploads\/2025\/12\/sovittelun_aallot_1920x540px.jpg","width":1920,"height":540,"caption":"Resto- tarvekortti tekstill\u00e4: \"Kuulluksi tuleminen\"."},{"@type":"BreadcrumbList","@id":"https:\/\/sovittelu.com\/vertaissovittelu\/sovittelun-aallot-podcast\/#breadcrumb","itemListElement":[{"@type":"ListItem","position":1,"name":"Etusivu","item":"https:\/\/sovittelu.com\/vertaissovittelu\/"},{"@type":"ListItem","position":2,"name":"Sovittelun aallot- podcast"}]},{"@type":"WebSite","@id":"https:\/\/sovittelu.com\/vertaissovittelu\/#website","url":"https:\/\/sovittelu.com\/vertaissovittelu\/","name":"VERSO-programmet","description":"Program f\u00f6r kamratmedling","publisher":{"@id":"https:\/\/sovittelu.com\/vertaissovittelu\/#organization"},"potentialAction":[{"@type":"SearchAction","target":{"@type":"EntryPoint","urlTemplate":"https:\/\/sovittelu.com\/vertaissovittelu\/?s={search_term_string}"},"query-input":{"@type":"PropertyValueSpecification","valueRequired":true,"valueName":"search_term_string"}}],"inLanguage":"sv-SE"},{"@type":"Organization","@id":"https:\/\/sovittelu.com\/vertaissovittelu\/#organization","name":"VERSO-programmet","url":"https:\/\/sovittelu.com\/vertaissovittelu\/","logo":{"@type":"ImageObject","inLanguage":"sv-SE","@id":"https:\/\/sovittelu.com\/vertaissovittelu\/#\/schema\/logo\/image\/","url":"https:\/\/sovittelu.com\/vertaissovittelu\/wp-content\/uploads\/2026\/01\/verso_ikoni_512x512px.png","contentUrl":"https:\/\/sovittelu.com\/vertaissovittelu\/wp-content\/uploads\/2026\/01\/verso_ikoni_512x512px.png","width":512,"height":512,"caption":"VERSO-ohjelma"},"image":{"@id":"https:\/\/sovittelu.com\/vertaissovittelu\/#\/schema\/logo\/image\/"},"sameAs":["https:\/\/www.facebook.com\/VERSOsovittelu","https:\/\/www.instagram.com\/verso_sovittelu\/"]}]}},"_links":{"self":[{"href":"https:\/\/sovittelu.com\/vertaissovittelu\/sv\/wp-json\/wp\/v2\/pages\/694","targetHints":{"allow":["GET"]}}],"collection":[{"href":"https:\/\/sovittelu.com\/vertaissovittelu\/sv\/wp-json\/wp\/v2\/pages"}],"about":[{"href":"https:\/\/sovittelu.com\/vertaissovittelu\/sv\/wp-json\/wp\/v2\/types\/page"}],"author":[{"embeddable":true,"href":"https:\/\/sovittelu.com\/vertaissovittelu\/sv\/wp-json\/wp\/v2\/users\/1"}],"replies":[{"embeddable":true,"href":"https:\/\/sovittelu.com\/vertaissovittelu\/sv\/wp-json\/wp\/v2\/comments?post=694"}],"version-history":[{"count":1,"href":"https:\/\/sovittelu.com\/vertaissovittelu\/sv\/wp-json\/wp\/v2\/pages\/694\/revisions"}],"predecessor-version":[{"id":17075,"href":"https:\/\/sovittelu.com\/vertaissovittelu\/sv\/wp-json\/wp\/v2\/pages\/694\/revisions\/17075"}],"wp:featuredmedia":[{"embeddable":true,"href":"https:\/\/sovittelu.com\/vertaissovittelu\/sv\/wp-json\/wp\/v2\/media\/16873"}],"wp:attachment":[{"href":"https:\/\/sovittelu.com\/vertaissovittelu\/sv\/wp-json\/wp\/v2\/media?parent=694"}],"curies":[{"name":"wp","href":"https:\/\/api.w.org\/{rel}","templated":true}]}}